{"id":139,"date":"2014-10-27T06:48:46","date_gmt":"2014-10-27T06:48:46","guid":{"rendered":"http:\/\/demo.ovatheme.com\/imevent\/?page_id=139"},"modified":"2024-05-09T16:52:41","modified_gmt":"2024-05-09T13:52:41","slug":"home-page-visual-composer","status":"publish","type":"page","link":"http:\/\/www.kamu-bib.org.tr\/kamubib-17\/","title":{"rendered":"Home page visual composer"},"content":{"rendered":"<div class=\"wpb-content-wrapper\"><p>[vc_row full_width=&#8221;stretch_row_content_no_spaces&#8221; section_id=&#8221;home&#8221; fullwidth=&#8221;no&#8221; bg_image_custom=&#8221;121&#8243; el_id=&#8221;home&#8221; css=&#8221;.vc_custom_1715262762424{margin-top: 0px !important;margin-bottom: 0px !important;border-top-width: 0px !important;border-bottom-width: 0px !important;padding-top: 0px !important;padding-bottom: 0px !important;background-image: url(http:\/\/www.kamu-bib.org.tr\/kamubib-17\/wp-content\/uploads\/2015\/07\/sitebg11.jpg?id=797) !important;background-position: center !important;background-repeat: no-repeat !important;background-size: cover !important;}&#8221; container=&#8221;1&#8243; parallax_bg=&#8221;1&#8243; stellar_background_ratio=&#8221;0.6&#8243;][vc_column css=&#8221;.vc_custom_1417507329606{padding-bottom: 0px !important;}&#8221;]<div id=\"main-slider\" data-loop=\"false\" data-auto_slider=\"true\" data-duration=\"3000\" data-navigation=\"false\"  class=\"owl-carousel owl-theme \"><div class=\"item page text-center slide0\">\r\n                    <div class=\"caption\">\r\n                        \r\n                            <div class=\"div-table\">\r\n                                <div class=\"div-cell\">\r\n              <h2 class=\"caption-title\" data-animation=\"fadeInDown\" data-animation-delay=\"100\"><span>TBD Kamu-B\u0130B<\/span><\/h2><h3 class=\"caption-subtitle\" data-animation=\"fadeInUp\" data-animation-delay=\"300\">\"KAMU B\u0130L\u0130\u015e\u0130M PLATFORMU-17\"<\/h3><div class=\"countdown-wrapper\">\r\n                  <div class=\"defaultCountdown clearfix\" \r\n                             data-years=years data-months=months data-weeks=\"weeks\" data-days=\"days\" data-hours=\"hours\" data-minutes=\"minutes\" data-seconds=\"seconds\" \r\n                             data-year=year data-month=month data-week=\"week\" data-day=\"day\" data-hour=\"hour\" data-minute=\"minute\" data-second=\"second\" \r\n                             data-end_date_y = \"2015\" data-end_date_m=\"9\" data-end_date_d=\"15\" \r\n                             data-timezone = \"0\" data-display_format=\"dHMS\"\r\n                  ><\/div>\r\n              <\/div>\r\n              <h2 style=\"text-align: center;\"><span style=\"color: #ffff99;\">15-18 Ekim 2015 <\/span><\/h2>\r\n<h2 style=\"text-align: center;\"><span style=\"color: #ffcc00;\">Acapulco Resort Hotel <\/span><\/h2>\r\n<h2 style=\"text-align: center;\"><span style=\"color: #ffcc00;\">Girne-KKTC<\/span><\/h2>\r\n            <\/div><\/div><\/div><\/div><\/div>[\/vc_column][\/vc_row][vc_row section_id=&#8221;about&#8221; css=&#8221;.vc_custom_1428394403301{margin-top: 0px !important;margin-bottom: 0px !important;border-top-width: 0px !important;border-bottom-width: 0px !important;padding-top: 70px !important;padding-bottom: 70px !important;}&#8221; fullwidth=&#8221;no&#8221; el_id=&#8221;about&#8221; container=&#8221;1&#8243; parallax_bg=&#8221;0&#8243; stellar_background_ratio=&#8221;0.6&#8243;][vc_column width=&#8221;5\/6&#8243; css=&#8221;.vc_custom_1417501673381{padding-bottom: 40px !important;}&#8221;]\r\n      <h1 class=\"section-title \">\r\n          <span data-animation=\"flipInY\" data-animation-delay=\"300\" class=\"icon-inner\"><span class=\"fa-stack\"><i class=\"fa rhex fa-stack-2x\"><\/i><i class=\"fa fa-star fa-stack-1x\"><\/i><\/span><\/span>\r\n          <span data-animation=\"fadeInRight\" data-animation-delay=\"500\" class=\"title-inner\">TBD Kamu-B\u0130B HAKKINDA <small>\/ <\/small><\/span>\r\n      <\/h1>\r\n    [vc_column_text css=&#8221;.vc_custom_1438261432054{margin-bottom: 12px !important;}&#8221;]<\/p>\n<h4>T\u00fcrkiye\u2018nin bili\u015fimle yeni tan\u0131\u015ft\u0131\u011f\u0131 1971 y\u0131l\u0131nda profesyonel ve yar\u0131 akademik bir topluluk taraf\u0131ndan b\u00fcy\u00fck bir\u00a0gelecek vizyonu ile kurulan T\u00fcrkiye Bili\u015fim Derne\u011fi (TBD) bug\u00fcn art\u0131k toplumun her katman\u0131ndan \u00fcye yap\u0131s\u0131yla\u00a0&#8220;<strong>Bili\u015fim K\u00fclt\u00fcr\u00fcn\u00fc<\/strong>&#8221; yaymaya \u00e7al\u0131\u015fan, sekt\u00f6rel sorunlara \u00e7\u00f6z\u00fcm arayan ve \u00f6zl\u00fck haklar\u0131na sahip \u00e7\u0131kan bir &#8220;<strong>Sivil\u00a0Toplum<\/strong>&#8221; \u00f6nc\u00fc hareketidir. <strong>TBD bug\u00fcn, 11.000\u2019i a\u015fan \u00fcye say\u0131s\u0131, yedi \u015fubesi, 13 il temsilcili\u011fi ve 33 \u00dcniversitede\u00a0TBD-Gen\u00e7 \u00f6rg\u00fctlenmesiyle \u00fclkemizin bili\u015fim sekt\u00f6r\u00fcn\u00fcn geli\u015fmesine \u00f6nemli katk\u0131lar vermektedir.<\/strong><\/h4>\n<h4>Kamu Yarar\u0131na Dernek stat\u00fcs\u00fcndeki TBD, sorunlar\u0131n \u00e7\u00f6z\u00fcm\u00fc i\u00e7in pek \u00e7ok etkinlik, kongre, toplant\u0131, seminer vb.\u00a0d\u00fczenlemekte, \u00e7al\u0131\u015fma gruplar\u0131 arac\u0131l\u0131\u011f\u0131yla raporlar haz\u0131rlamakta ve bunu kamuyla payla\u015fmaktad\u0131r. 1996 y\u0131l\u0131nda\u00a0kurulan ve d\u00fcnyada \u00f6rne\u011fi bulunmayan TBD Kamu Bili\u015fim Merkezleri Y\u00f6neticileri Birli\u011fi (TBD Kamu-B\u0130B) \u00f6ncelikle\u00a0kamunun bili\u015fim alan\u0131ndaki etkinli\u011finin ve fark\u0131ndal\u0131\u011f\u0131n\u0131n art\u0131r\u0131lmas\u0131 amac\u0131yla kurulmu\u015ftur. G\u00f6n\u00fcll\u00fc bir uzman\u00a0ordusuyla, yakla\u015f\u0131k alt\u0131 ayl\u0131k \u00e7al\u0131\u015fma d\u00f6nemleri sonucunda g\u00fcncel bili\u015fim sorunlar\u0131n\u0131 ortaya koyan, bu sorunlara\u00a0\u00e7\u00f6z\u00fcm \u00f6neren raporlar haz\u0131rlayan TBD Kamu-B\u0130B \u00e7al\u0131\u015fma grubu daha sonra toplant\u0131larla bu raporlar\u0131 kamuoyuyla\u00a0payla\u015fmaktad\u0131r (ayr\u0131nt\u0131l\u0131 bilgi i\u00e7in <a href=\"http:\/\/www.tbd.org.tr\" target=\"_blank\" rel=\"noopener\">www.tbd.org.tr<\/a> ziyaret edilebilir). 1999 y\u0131l\u0131ndan bu yana b\u00fcy\u00fcyen kat\u0131l\u0131mla \u201ckamu\u00a0bili\u015fim markas\u0131\u201d haline gelen TBD Kamu-B\u0130B, bug\u00fcn art\u0131k \u00e7ok b\u00fcy\u00fck bir kamu platformuna d\u00f6n\u00fc\u015fm\u00fc\u015ft\u00fcr.<\/h4>\n<h4>TBD Kamu-B\u0130B Kamu Bili\u015fim Platformu etkinli\u011fi bu y\u0131l KKTC\u2019de a\u015fa\u011f\u0131da belirlenen konularda yap\u0131lacakt\u0131r:<\/h4>\n<p><strong>Bili\u015fim Toplumu\u00a0<\/strong>\u00a0 <strong>E-Ticaret<\/strong>\u00a0\u00a0 <strong>Siber G\u00fcvenlik<\/strong>\u00a0\u00a0 ve\u00a0\u00a0 <strong>E-Devlet hizmetleri<\/strong><\/p>\n<h4>15-18 Ekim 2015 g\u00fcnleri aras\u0131nda d\u00fczenlenecek olan etkinlikte belirtilen konularda haz\u0131rlanm\u0131\u015f raporlar,\u00a0\u00fclkemizin ve KKTC\u2019nin bili\u015fim konusunda b\u00fct\u00fcn karar vericilerinin, kamu bilgi i\u015flem y\u00f6neticilerinin ve \u00f6zel sekt\u00f6rtemsilcilerinin haz\u0131r bulunaca\u011f\u0131 toplant\u0131larda kamuoyuna ve tart\u0131\u015fmaya a\u00e7\u0131lacakt\u0131r.\u00a0Etkinli\u011fe katk\u0131n\u0131z ve kat\u0131l\u0131m\u0131n\u0131z\u0131n \u00e7ok \u00f6nemli oldu\u011funu\u00a0d\u00fc\u015f\u00fcn\u00fcyor ve sizleri de aram\u0131zda g\u00f6rmekten b\u00fcy\u00fck memnuniyet duyaca\u011f\u0131m\u0131z\u0131 belirtmek istiyoruz.<\/h4>\n<h4>Sayg\u0131lar\u0131m\u0131zla,<br \/>\nT\u00fcrkiye Bili\u015fim Derne\u011fi<\/h4>\n<p>[\/vc_column_text][\/vc_column][vc_column width=&#8221;1\/6&#8243;]\r\n      <div class=\"thumbnail no-border no-padding \" data-animation=\"fadeInLeft\" data-animation-delay=\"100\">\r\n          <div class=\"media\">\r\n              <img decoding=\"async\" src=\"\" alt=\"Alt image\" class=\"img-responsive\">\r\n              <div class=\"caption hovered\">\r\n                  <div class=\"caption-wrapper div-table\">\r\n                      <div class=\"caption-inner div-cell\">\r\n                          <p class=\"caption-buttons\"><a href=\"http:\/\/www.kamu-bib.org.tr\/kamubib-17\/kamu-bib-gecmis-etkinliklerden-goruntuler\/#gecmisetkinlikler\/\" class=\"btn caption-zoom\" data-gal=\"prettyPhoto\"><i class=\"fa fa-search\"><\/i><\/a><\/p>\r\n                      <\/div>\r\n                  <\/div>\r\n              <\/div>\r\n          <\/div>\r\n      <\/div>\r\n    \r\n      <div class=\"thumbnail no-border no-padding \" data-animation=\"fadeInLeft\" data-animation-delay=\"100\">\r\n          <div class=\"media\">\r\n              <img decoding=\"async\" src=\"http:\/\/www.kamu-bib.org.tr\/kamubib-17\/wp-content\/uploads\/2015\/08\/kamubib-gorsel-3.jpg\" alt=\"\" class=\"img-responsive\">\r\n              <div class=\"caption hovered\">\r\n                  <div class=\"caption-wrapper div-table\">\r\n                      <div class=\"caption-inner div-cell\">\r\n                          <p class=\"caption-buttons\"><a href=\"http:\/\/www.kamu-bib.org.tr\/kamubib-17\/wp-content\/uploads\/2015\/08\/kamubib-gorsel-3.jpg\" class=\"btn caption-zoom\" data-gal=\"prettyPhoto\"><i class=\"fa fa-search\"><\/i><\/a><\/p>\r\n                      <\/div>\r\n                  <\/div>\r\n              <\/div>\r\n          <\/div>\r\n      <\/div>\r\n    \r\n      <div class=\"thumbnail no-border no-padding \" data-animation=\"fadeInLeft\" data-animation-delay=\"100\">\r\n          <div class=\"media\">\r\n              <img decoding=\"async\" src=\"http:\/\/www.kamu-bib.org.tr\/kamubib-17\/wp-content\/uploads\/2015\/08\/kamubib-gorsel-4.jpg\" alt=\"\" class=\"img-responsive\">\r\n              <div class=\"caption hovered\">\r\n                  <div class=\"caption-wrapper div-table\">\r\n                      <div class=\"caption-inner div-cell\">\r\n                          <p class=\"caption-buttons\"><a href=\"http:\/\/www.kamu-bib.org.tr\/kamubib-17\/wp-content\/uploads\/2015\/08\/kamubib-gorsel-4.jpg\" class=\"btn caption-zoom\" data-gal=\"prettyPhoto\"><i class=\"fa fa-search\"><\/i><\/a><\/p>\r\n                      <\/div>\r\n                  <\/div>\r\n              <\/div>\r\n          <\/div>\r\n      <\/div>\r\n    \r\n      <div class=\"thumbnail no-border no-padding \" data-animation=\"fadeInLeft\" data-animation-delay=\"100\">\r\n          <div class=\"media\">\r\n              <img decoding=\"async\" src=\"http:\/\/www.kamu-bib.org.tr\/kamubib-17\/wp-content\/uploads\/2015\/08\/kamubib-gorsel-2.jpg\" alt=\"Alt\" class=\"img-responsive\">\r\n              <div class=\"caption hovered\">\r\n                  <div class=\"caption-wrapper div-table\">\r\n                      <div class=\"caption-inner div-cell\">\r\n                          <p class=\"caption-buttons\"><a href=\"http:\/\/www.kamu-bib.org.tr\/kamubib-17\/wp-content\/uploads\/2015\/08\/kamubib-gorsel-2.jpg\" class=\"btn caption-zoom\" data-gal=\"prettyPhoto\"><i class=\"fa fa-search\"><\/i><\/a><\/p>\r\n                      <\/div>\r\n                  <\/div>\r\n              <\/div>\r\n          <\/div>\r\n      <\/div>\r\n    \r\n      <div class=\"thumbnail no-border no-padding \" data-animation=\"fadeInLeft\" data-animation-delay=\"100\">\r\n          <div class=\"media\">\r\n              <img decoding=\"async\" src=\"http:\/\/www.kamu-bib.org.tr\/kamubib-17\/wp-content\/uploads\/2015\/08\/kamubib-gorsel-1.jpg\" alt=\"\" class=\"img-responsive\">\r\n              <div class=\"caption hovered\">\r\n                  <div class=\"caption-wrapper div-table\">\r\n                      <div class=\"caption-inner div-cell\">\r\n                          <p class=\"caption-buttons\"><a href=\"http:\/\/www.kamu-bib.org.tr\/kamubib-17\/wp-content\/uploads\/2015\/08\/kamubib-gorsel-1.jpg\" class=\"btn caption-zoom\" data-gal=\"prettyPhoto\"><i class=\"fa fa-search\"><\/i><\/a><\/p>\r\n                      <\/div>\r\n                  <\/div>\r\n              <\/div>\r\n          <\/div>\r\n      <\/div>\r\n    [\/vc_column][\/vc_row][vc_row section_id=&#8221;bulten&#8221; container=&#8221;1&#8243; parallax_bg=&#8221;0&#8243; stellar_background_ratio=&#8221;0.6&#8243; css=&#8221;.vc_custom_1428394403301{margin-top: 0px !important;margin-bottom: 0px !important;border-top-width: 0px !important;border-bottom-width: 0px !important;padding-top: 70px !important;padding-bottom: 70px !important;}&#8221; fullwidth=&#8221;no&#8221; el_id=&#8221;bulten&#8221;][vc_column width=&#8221;5\/6&#8243; css=&#8221;.vc_custom_1417501673381{padding-bottom: 40px !important;}&#8221;]\r\n      <h1 class=\"section-title \">\r\n          <span data-animation=\"flipInY\" data-animation-delay=\"300\" class=\"icon-inner\"><span class=\"fa-stack\"><i class=\"fa rhex fa-stack-2x\"><\/i><i class=\"fa fa-star fa-stack-1x\"><\/i><\/span><\/span>\r\n          <span data-animation=\"fadeInRight\" data-animation-delay=\"500\" class=\"title-inner\">17. KAMU B\u0130L\u0130\u015e\u0130M PLATFORMU SONU\u00c7 B\u0130LD\u0130RGES\u0130 BASIN B\u00dcLTEN\u0130 <small>\/ <\/small><\/span>\r\n      <\/h1>\r\n    [vc_column_text css=&#8221;.vc_custom_1447429972457{margin-bottom: 12px !important;}&#8221;]<strong>400\u2019\u00fc a\u015fk\u0131n teknoloji sunan, y\u00f6neten ve kullanan, kamu ve \u00f6zel sekt\u00f6r y\u00f6neticisi, K\u0131br\u0131s\u2019ta bir araya geldi<\/strong><\/p>\n<p><strong>17. Kamu Bili\u015fim Merkezleri Y\u00f6neticileri Birli\u011fi (TBD Kamu-B\u0130B) Kamu Bili\u015fim Platformu, 15-18 Ekim\u2019de KKTC, Girne\u2019de yap\u0131ld\u0131. \u201c2023 ve \u00d6tesi: Kamu Hizmetlerinde Yenilik\u00e7i Yakla\u015f\u0131mlar\u201d temal\u0131 etkinlikte; \u201cSiber G\u00fcvenlik\u201d,\u201ce-Ticaret G\u00fcvenli\u011fi<\/strong> <strong>Sertifikasyonu\u201d, \u201ce-Devlet Hizmetleri\u201d ile \u201cBilgi Toplumu \u00dcst Yap\u0131s\u0131\u201d konular\u0131nda haz\u0131rlanan raporlar, kat\u0131l\u0131mc\u0131larla payla\u015f\u0131l\u0131p kamuoyunun g\u00f6r\u00fc\u015flerine a\u00e7\u0131ld\u0131. <\/strong><\/p>\n<p><strong>KKTC Ba\u015fbakan\u0131 \u00d6mer Soyer Kalyoncu, T.C. Lefko\u015fa B\u00fcy\u00fckel\u00e7isi Derya Kanbay ve Ula\u015ft\u0131rma Bakan\u0131 Tahsin Ertu\u011frulo\u011flu\u2019nun da kat\u0131ld\u0131\u011f\u0131 etkinlikte \u00e7a\u011fr\u0131l\u0131 konu\u015fmac\u0131 Ekonomist, Akademisyen Prof. Dr. Emre Alkin, \u201c21. yy\u2019da \u2018Para\u2019 m\u0131 yoksa \u2018Veri\u2019 mi daha de\u011ferli?\u201d sorusunun yan\u0131tlar\u0131n\u0131 kat\u0131l\u0131mc\u0131larla payla\u015ft\u0131. Gazeteci \u015eeref O\u011fuz ise, \u201cYeni Sava\u015f Konsepti\u201d kapsam\u0131nda \u201cSiber Kuvvetler\u201d konusunu ele ald\u0131. <\/strong><\/p>\n<p><strong>Teknoloji sunan, y\u00f6neten ve kullanan 400\u2019\u00fc a\u015fk\u0131n ki\u015finin kat\u0131ld\u0131\u011f\u0131 etkinlikte teknoloji destekli sekt\u00f6rel stratejilerin g\u00fcncellenmesi, 2013 ve sonras\u0131na ili\u015fkin izlenecek politika ve stratejilerin ileriye ta\u015f\u0131nmas\u0131, s\u00fcrd\u00fcr\u00fclebilirli\u011finin sa\u011flanmas\u0131 i\u00e7in sosyal, ekonomik ve yasal zeminde at\u0131lmas\u0131 gereken ad\u0131mlar konu\u015fuldu.<\/strong><\/p>\n<p>G\u00fcc\u00fcn\u00fc ve etkisini, bili\u015fimcilerin birey olarak verdi\u011fi g\u00f6n\u00fcll\u00fc desteklerden alan T\u00fcrkiye Bili\u015fim Derne\u011fi (TBD), kamu yarar\u0131na d\u00fczenledi\u011fi faaliyetlerle T\u00fcrkiye\u2019nin bili\u015fim toplumu olma s\u00fcrecine katk\u0131 vermeye devam etti. TBD\u2019nin her y\u0131l d\u00fczenledi\u011fi geleneksel etkinliklerinden biri olan TBD Kamu-B\u0130B Kamu Bili\u015fim Platformu Etkinli\u011fini, 15-18 Ekim 2015 tarihleri aras\u0131nda Kuzey K\u0131br\u0131s T\u00fcrk Cumhuriyeti (KKTC) Girne Acapulco Resort Otel ve Kongre Merkezi\u2019nde ger\u00e7ekle\u015ftirildi.<\/p>\n<p><strong>2023 ve \u00f6tesi: Kamu hizmetlerinde yenilik\u00e7i yakla\u015f\u0131mlar<\/strong><\/p>\n<p>D\u00fcnyada ba\u015fka \u00f6rne\u011fi bulunmayan, t\u00fcm kamu bilgi i\u015flem y\u00f6neticilerinin do\u011fal \u00fcyesi olduklar\u0131 TBD Kamu-B\u0130B\u2019in, \u201c2023 ve \u00f6tesi: Kamu hizmetlerinde yenilik\u00e7i yakla\u015f\u0131mlar\u201d ana temas\u0131yla KKTC\u2019de d\u00fczenlenen 17. toplant\u0131s\u0131na, 400\u2019\u00fc a\u015fk\u0131n T\u00fcrkiye ve KKTC\u2019nin bili\u015fim konusundaki \u00f6nemli karar vericiler, kamu bilgi i\u015flem y\u00f6neticileri ve \u00f6zel sekt\u00f6r temsilcileri kat\u0131ld\u0131.<\/p>\n<p>Etkinli\u011fin a\u00e7\u0131l\u0131\u015f konu\u015fmas\u0131n\u0131 yapan TBD Kamu-B\u0130B Y\u00fcr\u00fctme Kurulu Ba\u015fkan\u0131 Sel\u00e7uk Kavaso\u011flu, bili\u015fim teknolojilerinde ya\u015fanan h\u0131zl\u0131 geli\u015fmelerin, hayat\u0131n ak\u0131\u015f\u0131n\u0131 de\u011fi\u015ftirdi\u011fine, baz\u0131 \u00f6nemli de\u011fi\u015fikliklerde h\u00fck\u00fcmet politikalar\u0131 ve Kalk\u0131nma Planlar\u0131n\u0131n da etkisi oldu\u011funa i\u015faret etti. Etkinlikle ilgili bilgilendirmeler yapan Kavaso\u011flu, G\u00fcney Kore\u2019nin bug\u00fcnk\u00fc konumunda1980\u2019lerde ortaya koydu\u011fu bili\u015fim ve teknoloji politikalar\u0131 ile stratejilerin etkili oldu\u011funu belirtti.<\/p>\n<p>Kavaso\u011flu etkinli\u011fin bir ba\u015fka \u00f6neminin Azerbaycan\u2019\u0131n Birle\u015fmi\u015f Milletler \u00f6d\u00fcll\u00fc, halka b\u00fcrokrasiden ar\u0131nd\u0131r\u0131lm\u0131\u015f hizmet vermek amac\u0131yla kurdu\u011fu Asan Hizmetleri Projesi\u2019nin, konuk Azerbaycan temsilcileri taraf\u0131ndan payla\u015f\u0131laca\u011f\u0131n\u0131 bildirerek \u201cTBD olarak bu vesileyle Azerbaycan ve Kuzey K\u0131br\u0131s T\u00fcrk Cumhuriyeti aras\u0131nda k\u00f6pr\u00fc olman\u0131n mutlulu\u011funu ve gururunu da ya\u015f\u0131yoruz\u201d dedi.<\/p>\n<p><strong>TBD Ba\u015fkan\u0131 Tabak: K\u0131br\u0131s\u2019a her t\u00fcrl\u00fc deste\u011fi vermeye haz\u0131r\u0131z<\/strong><\/p>\n<p>Ya\u015fam bi\u00e7iminin de\u011fi\u015fmekte oldu\u011funa de\u011finen TBD Y\u00f6netim Kurulu Ba\u015fkan\u0131 \u0130. \u0130lker Tabak, \u201cGelecek nesiller bili\u015fimle ayakta kalacak\u201d dedi.<\/p>\n<p>Temel \u00e7\u00f6z\u00fcm\u00fcn par\u00e7alar\u0131ndan birinin insan olmas\u0131 gerekti\u011finin alt\u0131n\u0131 \u00e7izen Tabak, \u201csiber g\u00fcvenilir\u201d kullan\u0131c\u0131 kavram\u0131na dikkat \u00e7ekti.<\/p>\n<p>Bili\u015fim sekt\u00f6r\u00fcn\u00fcn stratejik sekt\u00f6r olarak g\u00f6sterilmesi, \u00f6nceliklerinin belirlenmesi ve yerli bili\u015fimin te\u015fvik edilmesinin \u00f6nemini vurgulayan Tabak, \u201cK\u0131br\u0131s\u2019ta bili\u015fimle d\u00f6n\u00fc\u015f\u00fcm\u00fcn gereklili\u011fi ortada. TBD olarak her t\u00fcrl\u00fc deste\u011fi vermeye haz\u0131r\u0131z\u201d diye konu\u015ftu.<\/p>\n<p><strong>Microsoft CTO\u2019su Ko\u00e7: Kaliteli e\u011fitim i\u00e7in internet yeterli olacak<\/strong><\/p>\n<p>Microsoft CTO\u2019su Onur Ko\u00e7, teknolojinin d\u00fcnyay\u0131 nas\u0131l de\u011fi\u015ftirip d\u00f6n\u00fc\u015ft\u00fcrd\u00fc\u011f\u00fcne de\u011finip Microsoft olarak kamuda verilen hizmetleri nas\u0131l iyile\u015ftirdikleri ve hayata ge\u00e7irdikleri servisleri anlatt\u0131. D\u00fcnyada ba\u015fka bir dille konu\u015farak ileti\u015fim kurmada s\u0131k\u0131nt\u0131 ya\u015fanmayaca\u011f\u0131n\u0131 belirten Ko\u00e7, internet arac\u0131l\u0131\u011f\u0131yla e\u011fitimin uzaktan verilmesinin m\u00fcmk\u00fcn olaca\u011f\u0131n\u0131 s\u00f6yleyip \u201cBulutta okul in\u015fa ediliyor.\u00a0 Yak\u0131nda kaliteli e\u011fitim i\u00e7in sadece internet ba\u011flant\u0131n\u0131z\u0131n olmas\u0131 yeterli olacak\u201d ifadesini kulland\u0131.<\/p>\n<p><strong>Turkcell Direkt\u00f6r\u00fc K\u00fc\u00e7\u00fck\u00f6zdemir: Ankara\u2019da veri merkezi kurma karar\u0131 ald\u0131k<\/strong><\/p>\n<p>Turkcell Direkt\u00f6r\u00fc Murat K\u00fc\u00e7\u00fck\u00f6zdemir, \u00f6n\u00fcm\u00fczdeki d\u00f6nemde hangi vizyonla neleri tan\u0131tacaklar\u0131 ve hangi alanlarda yat\u0131r\u0131m yapacaklar\u0131na ili\u015fkin bilgiler verdi. 9 b\u00fcy\u00fckl\u00fc\u011f\u00fcndeki depreme dayan\u0131kl\u0131 olarak in\u015fa edilen \u201cGebze veri merkezi\u201d hakk\u0131nda bilgi veren K\u00fc\u00e7\u00fck\u00f6zdemir, Ankara\u2019da da veri merkezi kurma karar\u0131 ald\u0131klar\u0131n\u0131 a\u00e7\u0131klad\u0131.<\/p>\n<p><strong>T\u00fcrksat Genel M\u00fcd\u00fcr Yard\u0131mc\u0131s\u0131 Ye\u015fil\u00e7imen: e-d\u00f6n\u00fc\u015f\u00fcm \u00e7al\u0131\u015fmalar\u0131, BT \u00fczerinde verilmeli<\/strong><\/p>\n<p>T\u00fcrksat Genel M\u00fcd\u00fcr Yard\u0131mc\u0131s\u0131 Halil Ye\u015fil\u00e7imen, temel olarak faaliyet g\u00f6sterdikleri alanlar konusunda bilgi verirken e-Devlet Kap\u0131s\u0131 kapsam\u0131nda s\u00fcrd\u00fcrd\u00fckleri \u00e7al\u0131\u015fmalardan s\u00f6z etti. \u201cT\u00fcrksat olarak K\u0131br\u0131s\u2019ta b\u00fcy\u00fck bir e-devlet projesi ger\u00e7ekle\u015ftiriyoruz\u201d diyen Ye\u015fil\u00e7imen, 2023 vizyonu ve e-d\u00f6n\u00fc\u015f\u00fcm \u00e7al\u0131\u015fmalar\u0131n\u0131n temellerinin bili\u015fim teknolojileri \u00fczerinde verilmesi gerekti\u011fini s\u00f6yledi.<\/p>\n<p><strong>BTK Kurul \u00dcyesi Y\u0131ld\u0131z: STK\u2019lar ve sekt\u00f6rle sekt\u00f6r\u00fcn \u00f6n\u00fcn\u00fc a\u00e7maya \u00e7al\u0131\u015f\u0131yoruz<\/strong><\/p>\n<p>T.C. Bilgi Teknolojileri ve \u0130leti\u015fim Kurumu (BTK) Kurul \u00dcyesi Hidayet Y\u0131ld\u0131z, sekt\u00f6rde d\u00fczenleyici bir kurum olarak yapt\u0131klar\u0131 \u00e7al\u0131\u015fmalar ve sunduklar\u0131 hizmetlerde ili\u015fkin k\u0131sa bir bilgilendirmede bulunup STK\u2019lar ve sekt\u00f6rle birlikte sekt\u00f6r\u00fcn \u00f6n\u00fcn\u00fc a\u00e7mak ve destek vermeye \u00e7al\u0131\u015ft\u0131klar\u0131n\u0131 bildirdi.<\/p>\n<p><strong>KKTC BTH<\/strong><strong>K Ba\u015fkan\u0131 Do\u00e7. Dr. B\u00fcr\u00fcnc\u00fck: Bili\u015fim, ekonominin yeni ve \u00f6nemli par\u00e7as\u0131<\/strong><\/p>\n<p>KKTC Bilgi Teknolojileri ve Haberle\u015fme Kurumu (BTHK) Ba\u015fkan\u0131 Do\u00e7. Dr. Kadri B\u00fcr\u00fcnc\u00fck, etkinlikte T\u00fcrkiye Cumhuriyeti\u2019nin elde etti\u011fi bilgi, deneyim ve yeni hedeflerini \u00f6\u011frenmeye \u00e7al\u0131\u015facaklar\u0131n\u0131, T\u00fcrkiye\u2019nin e-d\u00f6n\u00fc\u015f\u00fcm \u00e7al\u0131\u015fmalar\u0131n\u0131n s\u00fcrd\u00fc\u011f\u00fc K\u0131br\u0131s\u2019a enerji, destek ve yol g\u00f6sterici olaca\u011f\u0131na inand\u0131\u011f\u0131n\u0131 belirtti. B\u00fcr\u00fcnc\u00fck, \u201cBili\u015fimin \u00fclkemiz ekonomisinin lokomotif sekt\u00f6rleri olan turizm ve e\u011fitime eklenerek sacaya\u011f\u0131n\u0131n en yeni ve \u00f6nemli par\u00e7as\u0131n\u0131 olu\u015fturaca\u011f\u0131na inan\u0131yoruz\u201d ifadesini kulland\u0131.<\/p>\n<p><strong>KKTC Ula\u015ft\u0131rma Bakan\u0131 Ertu\u011frulo\u011flu: Bili\u015fim, her sisteminde k\u00f6kl\u00fc de\u011fi\u015fiklikleri zorunlu k\u0131l\u0131yor<\/strong><\/p>\n<p>KKTC Ula\u015ft\u0131rma Bakan\u0131 Tahsin Ertu\u011frulo\u011flu, \u00e7a\u011f\u0131m\u0131zda bilgi toplumunun standart haline geldi\u011fine i\u015fret ederek \u201cBilgi toplumu, sadece \u00fcr\u00fcnleri de\u011fil, ba\u015fta e\u011fitim sistemimiz olmak \u00fczere \u00fclkemizin her sisteminde k\u00f6kl\u00fc de\u011fi\u015fiklikleri zorunlu k\u0131lmaktad\u0131r\u201d vurgusu yapt\u0131.<\/p>\n<p>KKTC olarak d\u0131\u015fa a\u00e7\u0131k ve ara\u015ft\u0131rmac\u0131 olmak zorunda olduklar\u0131n\u0131 belirten Ertu\u011frulo\u011flu, \u201cBili\u015fimin ekonomiye sa\u011flayaca\u011f\u0131 katk\u0131ya ek olarak bireysel ve toplumsal ya\u015famda sa\u011flayaca\u011f\u0131 geli\u015fmelerle vatanda\u015f\u0131m\u0131z\u0131n ya\u015fam standard\u0131n\u0131 da y\u00fckseltecektir\u201d diye konu\u015ftu.<\/p>\n<p><strong>T.C.\u00a0 <\/strong><strong>Lefko\u015fa B\u00fcy\u00fckel\u00e7isi <\/strong><strong>Kanbay: KKTC\u2019ye deste\u011fimiz kaynak s\u0131k\u0131nt\u0131s\u0131 olmadan devam edecek<\/strong><\/p>\n<p>T\u00fcrkiye Cumhuriyeti (T.C.) Lefko\u015fa B\u00fcy\u00fckel\u00e7isi Derya Kanbay ise konu\u015fmas\u0131nda, kamuda bili\u015fim altyap\u0131s\u0131n\u0131n kurulmas\u0131 ve b\u00fcy\u00fck projelerin ba\u015flat\u0131l\u0131p sonu\u00e7land\u0131r\u0131lmas\u0131nda sadece teknik eleman\/bili\u015fimcilere de\u011fil, devlet y\u00f6neticileri, yasama organ\u0131 ve devletin di\u011fer asli kurumlar\u0131na da \u00f6nemli g\u00f6rev d\u00fc\u015ft\u00fc\u011f\u00fcn\u00fc s\u00f6yledi.<\/p>\n<p>KKTC devletinin en iyi \u015fekilde faaliyet g\u00f6sterebilmesi i\u00e7in, ana yap\u0131s\u0131, t\u00fcm hizmet ve te\u015fkilatlar\u0131n\u0131n e-devlet yap\u0131s\u0131n\u0131n g\u00fc\u00e7lenmesinin b\u00fcy\u00fck \u00f6nem ta\u015f\u0131d\u0131\u011f\u0131na i\u015faret eden Kanbay, T\u00fcrkiye Cumhuriyeti\u2019nin KKTC\u2019ye deste\u011finin devam edece\u011fi ve e-devlet \u00e7al\u0131\u015fmalar\u0131na da hi\u00e7bir kaynak s\u0131k\u0131nt\u0131s\u0131 olmadan katk\u0131 sa\u011flamaya devam edeceklerini vurgulad\u0131.<\/p>\n<p><strong>KKTC Ba\u015fbakan\u0131 Kalyoncu: E-devlet projesini \u00e7ok daha ileri boyuta ta\u015f\u0131may\u0131 hedefliyoruz <\/strong><\/p>\n<p>Etkinli\u011fe kat\u0131lan KKTC Ba\u015fbakan\u0131 \u00d6mer Soyer Kalyoncu ise yapt\u0131\u011f\u0131 konu\u015fmada, \u201cKendini bir reform h\u00fck\u00fcmeti olarak konumland\u0131ran h\u00fck\u00fcmetimiz ge\u00e7mi\u015fte ba\u015flat\u0131lan e- devlet projesini \u00e7ok daha ileri boyuta ta\u015f\u0131may\u0131 hedeflemektedir\u201d dedi.<\/p>\n<p>Kalyoncu, yapt\u0131\u011f\u0131 konu\u015fmada, kendilerini bir reform h\u00fck\u00fcmeti olarak konumland\u0131rd\u0131klar\u0131n\u0131, K\u0131br\u0131s\u2019\u0131 bir bili\u015fim toplumuna d\u00f6n\u00fc\u015ft\u00fcrmeyi ve devlet projesini \u00e7ok daha ileriye ta\u015f\u0131may\u0131 hedeflediklerini a\u00e7\u0131klad\u0131.<\/p>\n<p>A\u00e7\u0131l\u0131\u015f konu\u015fmalar\u0131n\u0131n ard\u0131ndan TBD Y\u00f6netim Kurulu Ba\u015fkan\u0131 \u0130. \u0130lker Tabak taraf\u0131ndan y\u00f6netilen \u201c2023 ve \u00d6tesi: Kamu Hizmetlerinde Yenilik\u00e7i Yakla\u015f\u0131mlar\u201d forumu ger\u00e7ekle\u015ftirildi.<\/p>\n<p><strong>KKTC y\u00fcksek yarg\u0131 mensuplar\u0131na \u201csiber g\u00fcvenlik ve fark\u0131ndal\u0131k\u201d semineri<\/strong><\/p>\n<p>Etkinlikte KKTC y\u00fcksek yarg\u0131 mensuplar\u0131na \u201csiber g\u00fcvenlik ve fark\u0131ndal\u0131k\u201d semineri de verildi. Bili\u015fim hukuku ile ilgili \u201cbilirki\u015fi\u201d anlay\u0131\u015f\u0131n\u0131n serbest bilirki\u015filikte resmi bilirki\u015fili\u011fe d\u00f6n\u00fc\u015ft\u00fc\u011f\u00fcn\u00fcn anlat\u0131ld\u0131\u011f\u0131 seminerde bu g\u00f6revin \u00e7ok fazla bilinmeyen, tan\u0131nmayan ki\u015filerce yap\u0131ld\u0131\u011f\u0131 dile getirildi. Seminerde T\u00fcrkiye ve KKTC\u2019de bili\u015fim su\u00e7lar\u0131 ile ilgili direk bir yasa olmad\u0131\u011f\u0131na dikkat \u00e7ekildi.<\/p>\n<p><strong>Ekonomist, Akademisyen Prof. Dr. Alkin: Bilgi en \u00f6nemli servet oldu<\/strong><\/p>\n<p>\u00c7a\u011fr\u0131l\u0131 konu\u015fmac\u0131 Ekonomist, Akademisyen Prof. Dr. Emre Alkin,\u201c21. yy\u2019da \u2018Para\u2019 m\u0131 yoksa \u2018Veri\u2019 mi daha de\u011ferli?\u201d ba\u015fl\u0131kl\u0131 konu\u015fmas\u0131nda, \u00f6ncelikle kendi d\u00fcnyas\u0131nda bili\u015fim nas\u0131l g\u00f6rd\u00fc\u011f\u00fcn\u00fc anlatt\u0131. Paran\u0131n niye \u00f6nemi kalmad\u0131\u011f\u0131n\u0131 felsefi ve romantik de\u011fil de matematik ile somut bir \u015fekilde ispat eden Alkin, \u201cParan\u0131n ne \u00f6nemi var? M\u00fchim olan veri. Bilgi en \u00f6nemli servet oldu. Bilgisi olmayan\u0131n paras\u0131 da \u00f6nemli olmuyor\u201d dedi.<\/p>\n<p>De\u011fer yaratarak rekabet etmenin \u00f6nemli oldu\u011funu vurgulayan Alkin, Avro\u2019yu para de\u011fil \u201csiyasi bir kald\u0131ra\u00e7\u201d olarak g\u00f6rd\u00fc\u011f\u00fcn\u00fc s\u00f6yledi. Paran\u0131n de\u011fil g\u00fcvenin daha etkili oldu\u011funu belirten Alkin, \u201cT\u00fcrkiye\u2019nin \u201cAz bilgi ve bol \u00f6zg\u00fcven sahibi insanlar\u201d \u00fclkesi oldu\u011funa dikkat \u00e7ekti. Alkin, \u201cBiz d\u00fcnyan\u0131n katma de\u011ferine, bilgisine ve de\u011ferlerine ne kat\u0131yoruz. Bunu iyi d\u00fc\u015f\u00fcn\u00fcp de\u011ferlendirmemiz gerekiyor\u201d diye konu\u015ftu.<\/p>\n<p>NV\u0130 Genel M\u00fcd\u00fcr\u00fc Ahmet Sar\u0131can\u2019\u0131n y\u00f6netti\u011fi \u201ce-Devlet Hizmetleri ve Yenilik\u00e7i Yakla\u015f\u0131mlar\u201d oturumunda, Birle\u015fmi\u015f Milletler (BM) taraf\u0131ndan Kamu Hizmetleri\u201d \u00f6d\u00fcl\u00fcne lay\u0131k g\u00f6r\u00fclen Azerbaycan\u2019\u0131n Azerbaycan Servis ve De\u011ferlendirme A\u011f\u0131 (Azerbaijan Service and Assessment Network- ASAN) Projesi ASAN yetkilileri taraf\u0131ndan kat\u0131l\u0131mc\u0131lara anlat\u0131ld\u0131. Proje kat\u0131l\u0131mc\u0131lar taraf\u0131ndan b\u00fcy\u00fck ilgi g\u00f6rd\u00fc.<\/p>\n<p>Daha sonra \u201ce-Devlet Hizmetlerinden Beklentiler\u201d \u00c7al\u0131\u015fma Grubu\u2019nun haz\u0131rlad\u0131\u011f\u0131 rapor sunuldu<\/p>\n<p><strong>Edis: Evrensel Hizmet Fonu\u2019nda biriken 1 Milyar Lira Hazine\u2019ye aktar\u0131ld\u0131<\/strong><\/p>\n<p>\u201cParlamenter g\u00f6z\u00fcyle bili\u015fim toplumu\u201d oturumuna, AK Parti Ankara eski Milletvekili, \u00a0Avrupa Konseyi Parlamenterler Meclisi Ba\u015fkan Vekili ve T\u00fcrk Delegasyonu Ba\u015fkan\u0131 Reha Deneme\u00e7, CHP \u0130zmir eski Milletvekili Erdal Aks\u00fcnger ile MHP Samsun Milletvekili H\u00fcseyin Edis kat\u0131ld\u0131.<\/p>\n<p>Edis, Evrensel Hizmet Fonu\u2019nda biriken 1 Milyar Lira\u2019ya yak\u0131n paray\u0131 kullanamay\u0131p sekt\u00f6re aktaramad\u0131klar\u0131 i\u00e7in Hazine\u2019ye kapt\u0131rd\u0131klar\u0131n\u0131 a\u00e7\u0131klad\u0131.<\/p>\n<p><strong>\u00d6\u011fretim G\u00f6revlisi<\/strong><strong> \u00dcnald\u0131: e-ticarette, ticaretin farkl\u0131 y\u00f6nlerini kullanmak gerekiyor<\/strong><\/p>\n<p>Etkinli\u011fin ikinci g\u00fcn\u00fc, ODT\u00dc Enformatik Enstit\u00fcs\u00fc\u2019nden Dr. Ali Arifo\u011flu\u2019nun y\u00f6netti\u011fi\u00a0 \u201ce-Ticaret ve Yenilik\u00e7i Yakla\u015f\u0131mlar Oturumu\u201dnun a\u00e7\u0131l\u0131\u015f konu\u015fmac\u0131s\u0131, S\u00fcleyman Demirel \u00dcniversitesi \u00d6\u011fretim G\u00f6revlisi At\u0131f \u00dcnald\u0131 oldu. E-ticaret yapma konusunda \u015firket ve kurumlara dan\u0131\u015fmanl\u0131k ve destek veren \u00dcnald\u0131, deneyim ve \u00e7al\u0131\u015fmalar\u0131ndan s\u00f6z edip \u201ce-ticarette, ticaretin farkl\u0131 y\u00f6nlerini kullanmak gerekiyor\u201d dedi.<\/p>\n<p>\u201c10 y\u0131l \u00f6nce e-ticaret dedi\u011fimiz art\u0131k sadece ticaret\u201d diyen \u00dcnald\u0131,\u00a0 d\u00fcnyadaki global dijital verilerle ilgili baz\u0131 bilgileri kat\u0131l\u0131mc\u0131larla payla\u015ft\u0131.\u00a0 \u00dcnald\u0131, ak\u0131ll\u0131 pazarlaman\u0131n en \u00f6nemli par\u00e7as\u0131n\u0131n \u201csosyal CRM\u201d oldu\u011funu belirtti.<\/p>\n<p>\u00dcnald\u0131\u2019n\u0131n konu\u015fmas\u0131ndan sonra, \u201ce-Ticaret G\u00fcvenlik Sertifikasyonu ve D\u00fczenlemeler\u201d \u00c7al\u0131\u015fma Grubu sunum yapt\u0131.<\/p>\n<p>Gazi \u00dcniversitesi, Bilgi G\u00fcvenli\u011fi M\u00fchendisli\u011fi Anabilim Dal\u0131 Ba\u015fkan\u0131 Prof. Dr. Mustafa Alkan ise, \u201cSiber G\u00fcvenlik ve Yenilik\u00e7i Yakla\u015f\u0131mlar\u201d oturumunu y\u00f6netti.<\/p>\n<p>\u201cSiber G\u00fcvenlik ve Kritik Altyap\u0131 G\u00fcvenli\u011fi\u201d \u00c7al\u0131\u015fma Grubu, sunumunu ger\u00e7ekle\u015ftirdi.<\/p>\n<p><strong>Gazeteci O\u011fuz: Bilgi tek b\u00fcy\u00fck silah, big data ise en \u00f6nemli cephane<\/strong><\/p>\n<p>Bilgi ekonomisi, yeni ekonomi ve de\u011fi\u015fim y\u00f6netimi \u00fczerine ara\u015ft\u0131rmalar\u0131 olan Gazeteci \u015eeref O\u011fuz, \u201cYeni Sava\u015f Konsepti\u201d kapsam\u0131nda \u201cSiber kuvvetler\u201d konusunu ele ald\u0131. Sava\u015f ve ekonominin tarihin ak\u0131\u015f\u0131n\u0131 \u015fekillendirdi\u011fini aktaran O\u011fuz, \u201cd\u00fc\u015f\u00fck yo\u011funluklu bir d\u00fcnya sava\u015f\u0131\u201d i\u00e7inde oldu\u011fumuzu belirtip \u00a0\u201cBug\u00fcn bilgi, silah\u0131n; elektron, merminin yerini ald\u0131\u201d dedi.<\/p>\n<p>D\u00fcnyada siber g\u00fcvenlik ile ilgili bir\u00e7ok kurumun olu\u015fturuldu\u011funa dikkat \u00e7eken O\u011fuz, \u201cBilgi tek b\u00fcy\u00fck silah, big data ise en \u00f6nemli cephane halini ald\u0131. T\u00fcrkiye askeriyesi, h\u00fck\u00fcmeti ve bili\u015fimcisi yeni sava\u015f konseptini kurumsalla\u015ft\u0131rmada ge\u00e7 kald\u0131\u201d diye konu\u015ftu.<\/p>\n<p>TBD Y\u00fcksek \u0130sti\u015fare Kurulu Ba\u015fkan\u0131 Rahmi Aktepe\u2019nin y\u00f6netti\u011fi \u201cBilgi Toplumu ve Yenilik\u00e7i Yakla\u015f\u0131mlar\u201d oturumunun a\u00e7\u0131l\u0131\u015f konu\u015fmas\u0131n\u0131, Yak\u0131n Do\u011fu \u00dcniversitesi, Bilgi Y\u00f6netimi Ara\u015ft\u0131rmalar\u0131 Merkezi Y\u00f6netim Kurulu Ba\u015fkan\u0131 Dr. Mustafa Sa\u011fsan yapt\u0131. Oturumda \u201cBili\u015fim Toplumu \u00dcst Yap\u0131s\u0131 \u00c7al\u0131\u015fma Grubu\u201dnun raporu da kat\u0131l\u0131mc\u0131larla payla\u015f\u0131ld\u0131.<\/p>\n<p>Sunumun ard\u0131ndan TBD \u0130kinci Ba\u015fkan\u0131 Koray \u00d6zer, TBD Kamu-B\u0130B Y\u00fcr\u00fctme Kurulu Ba\u015fkan\u0131 Sel\u00e7uk Kavaso\u011flu ve TOBB T\u00fcrkiye Yaz\u0131l\u0131m Meclisi Ba\u015fkan\u0131 Melek Bar Elmas\u2019\u0131n kat\u0131l\u0131m\u0131yla yap\u0131lan de\u011ferlendirme oturumu ile etkinlik son buldu.<\/p>\n<p>Etkinli\u011fin \u201cana\u201d sponsorlu\u011funu\u00a0 Microsoft, TURKCELL ve T\u00dcRKSAT \u00fcstlenirken; Avaya, Bilge SGT, Havelsan, Hitachi Data Systems ve HP \u201cetkinlik\u201d sponsoru oldu. Aruba, Datamarket, Double-Take, Teslakom, Veeam, Vmware ile Vodafone \u201cyard\u0131mc\u0131\u201d sponsor olurken 6a Bili\u015fim, Artek Grup, \u0130ntel Security ve Ricoh, etkinli\u011fi \u201cdestekleyen\u201d sponsorlar aras\u0131nda yer ald\u0131. Ruckus Wireless\u2019in\u00a0 \u201ck\u00fclt\u00fcr gezisi\u201d sponsorlu\u011funu \u00fcstlendi\u011fi etkinli\u011fin \u201c\u00fcr\u00fcn ve hizmet\u201d\u00a0 sponsorlar\u0131 aras\u0131nda Andromedya, Bili\u015fim, Canon, EGA, EPDATA, Extreme Networks, Fokus Akademi, Fujitsu, Globalnet, Oracle, Profelis, Trend Micro ile Veriyum bulunuyor. Etkinli\u011fin \u201cbas\u0131n\u201d sponsorlar\u0131 ise \u015f\u00f6yle: Bili\u015fim Dergisi, Biltekhaber, BTD\u00fcnyas\u0131, BThaber, IT Advisor ve Telekom D\u00fcnyas\u0131.<\/p>\n<p>Etkinlik program\u0131na, <a href=\"http:\/\/www.kamu-bib.org.tr\/kamubib-17\">http:\/\/www.kamu-bib.org.tr\/kamubib-17<\/a> adresinden ula\u015f\u0131labilmektedir.<\/p>\n<p>&#8212;&#8212;&#8212;&#8212;&#8212;&#8212;&#8212;&#8212;&#8212;&#8212;&#8212;&#8212;&#8212;&#8212;&#8212;&#8212;&#8212;&#8212;&#8212;-<\/p>\n<p>T\u00fcrkiye\u2019nin bili\u015fimle yeni tan\u0131\u015ft\u0131\u011f\u0131 1971 y\u0131l\u0131nda b\u00fcy\u00fck bir gelecek vizyonu ile kurulan T\u00fcrkiye Bili\u015fim Derne\u011fi (TBD), bug\u00fcn toplumun her katman\u0131ndan \u00fcye yap\u0131s\u0131yla \u00a0\u201cBili\u015fim K\u00fclt\u00fcr\u00fcn\u00fc\u201d yaymaya \u00e7al\u0131\u015fan, sekt\u00f6rel sorunlara \u00e7\u00f6z\u00fcm arayan ve \u00f6zl\u00fck haklar\u0131na sahip \u00e7\u0131kan bir \u201cSivil Toplum\u201d \u00f6nc\u00fc hareketidir. \u201cKamu Yarar\u0131na Dernek\u201d stat\u00fcs\u00fcndeki TBD,12 bine yak\u0131n \u00fcye say\u0131s\u0131, yedi \u015fubesi, 12 il temsilcili\u011fi ve 33 \u00fcniversitede TBD-Gen\u00e7 \u00f6rg\u00fctlenmesiyle \u00fclkemizin bili\u015fim sekt\u00f6r\u00fcn\u00fcn geli\u015fmesine \u00f6nemli katk\u0131lar veriyor.<\/p>\n<p>Kamunun bili\u015fim alan\u0131ndaki etkinli\u011finin ve fark\u0131ndal\u0131\u011f\u0131n\u0131n art\u0131r\u0131lmas\u0131 amac\u0131yla 1997\u2019de kurulan, \u00fclke sorunlar\u0131na \u00e7\u00f6z\u00fcm \u00fcrettikleri, birikimlerini payla\u015ft\u0131klar\u0131, ortak ak\u0131l platformu olan TBD Kamu-B\u0130B, 1999\u2019dan bu yana b\u00fcy\u00fcyen kat\u0131l\u0131mla \u201ckamu bili\u015fim markas\u0131\u201d haline geldi.[\/vc_column_text][\/vc_column][vc_column width=&#8221;1\/6&#8243;]\r\n      <div class=\"thumbnail no-border no-padding \" data-animation=\"fadeInLeft\" data-animation-delay=\"100\">\r\n          <div class=\"media\">\r\n              <img decoding=\"async\" src=\"\" alt=\"Alt image\" class=\"img-responsive\">\r\n              <div class=\"caption hovered\">\r\n                  <div class=\"caption-wrapper div-table\">\r\n                      <div class=\"caption-inner div-cell\">\r\n                          <p class=\"caption-buttons\"><a href=\"http:\/\/www.kamu-bib.org.tr\/kamubib-17\/kamu-bib-gecmis-etkinliklerden-goruntuler\/#gecmisetkinlikler\/\" class=\"btn caption-zoom\" data-gal=\"prettyPhoto\"><i class=\"fa fa-search\"><\/i><\/a><\/p>\r\n                      <\/div>\r\n                  <\/div>\r\n              <\/div>\r\n          <\/div>\r\n      <\/div>\r\n    \r\n      <div class=\"thumbnail no-border no-padding \" data-animation=\"fadeInLeft\" data-animation-delay=\"100\">\r\n          <div class=\"media\">\r\n              <img decoding=\"async\" src=\"http:\/\/www.kamu-bib.org.tr\/kamubib-17\/wp-content\/uploads\/2015\/08\/kamubib-gorsel-3.jpg\" alt=\"\" class=\"img-responsive\">\r\n              <div class=\"caption hovered\">\r\n                  <div class=\"caption-wrapper div-table\">\r\n                      <div class=\"caption-inner div-cell\">\r\n                          <p class=\"caption-buttons\"><a href=\"http:\/\/www.kamu-bib.org.tr\/kamubib-17\/wp-content\/uploads\/2015\/08\/kamubib-gorsel-3.jpg\" class=\"btn caption-zoom\" data-gal=\"prettyPhoto\"><i class=\"fa fa-search\"><\/i><\/a><\/p>\r\n                      <\/div>\r\n                  <\/div>\r\n              <\/div>\r\n          <\/div>\r\n      <\/div>\r\n    \r\n      <div class=\"thumbnail no-border no-padding \" data-animation=\"fadeInLeft\" data-animation-delay=\"100\">\r\n          <div class=\"media\">\r\n              <img decoding=\"async\" src=\"http:\/\/www.kamu-bib.org.tr\/kamubib-17\/wp-content\/uploads\/2015\/08\/kamubib-gorsel-4.jpg\" alt=\"\" class=\"img-responsive\">\r\n              <div class=\"caption hovered\">\r\n                  <div class=\"caption-wrapper div-table\">\r\n                      <div class=\"caption-inner div-cell\">\r\n                          <p class=\"caption-buttons\"><a href=\"http:\/\/www.kamu-bib.org.tr\/kamubib-17\/wp-content\/uploads\/2015\/08\/kamubib-gorsel-4.jpg\" class=\"btn caption-zoom\" data-gal=\"prettyPhoto\"><i class=\"fa fa-search\"><\/i><\/a><\/p>\r\n                      <\/div>\r\n                  <\/div>\r\n              <\/div>\r\n          <\/div>\r\n      <\/div>\r\n    \r\n      <div class=\"thumbnail no-border no-padding \" data-animation=\"fadeInLeft\" data-animation-delay=\"100\">\r\n          <div class=\"media\">\r\n              <img decoding=\"async\" src=\"http:\/\/www.kamu-bib.org.tr\/kamubib-17\/wp-content\/uploads\/2015\/08\/kamubib-gorsel-2.jpg\" alt=\"Alt\" class=\"img-responsive\">\r\n              <div class=\"caption hovered\">\r\n                  <div class=\"caption-wrapper div-table\">\r\n                      <div class=\"caption-inner div-cell\">\r\n                          <p class=\"caption-buttons\"><a href=\"http:\/\/www.kamu-bib.org.tr\/kamubib-17\/wp-content\/uploads\/2015\/08\/kamubib-gorsel-2.jpg\" class=\"btn caption-zoom\" data-gal=\"prettyPhoto\"><i class=\"fa fa-search\"><\/i><\/a><\/p>\r\n                      <\/div>\r\n                  <\/div>\r\n              <\/div>\r\n          <\/div>\r\n      <\/div>\r\n    \r\n      <div class=\"thumbnail no-border no-padding \" data-animation=\"fadeInLeft\" data-animation-delay=\"100\">\r\n          <div class=\"media\">\r\n              <img decoding=\"async\" src=\"http:\/\/www.kamu-bib.org.tr\/kamubib-17\/wp-content\/uploads\/2015\/08\/kamubib-gorsel-1.jpg\" alt=\"\" class=\"img-responsive\">\r\n              <div class=\"caption hovered\">\r\n                  <div class=\"caption-wrapper div-table\">\r\n                      <div class=\"caption-inner div-cell\">\r\n                          <p class=\"caption-buttons\"><a href=\"http:\/\/www.kamu-bib.org.tr\/kamubib-17\/wp-content\/uploads\/2015\/08\/kamubib-gorsel-1.jpg\" class=\"btn caption-zoom\" data-gal=\"prettyPhoto\"><i class=\"fa fa-search\"><\/i><\/a><\/p>\r\n                      <\/div>\r\n                  <\/div>\r\n              <\/div>\r\n          <\/div>\r\n      <\/div>\r\n    [\/vc_column][\/vc_row][vc_row section_id=&#8221;destekleyenler&#8221; css=&#8221;.vc_custom_1437747620545{margin-top: 0px !important;margin-bottom: 0px !important;border-top-width: 0px !important;border-bottom-width: 0px !important;padding-top: 70px !important;padding-bottom: 70px !important;}&#8221; fullwidth=&#8221;no&#8221; el_id=&#8221;sponsors&#8221; el_class=&#8221;text-center&#8221; container=&#8221;1&#8243; parallax_bg=&#8221;0&#8243; stellar_background_ratio=&#8221;0.6&#8243;][vc_column]\r\n      <h1 class=\"section-title text-left\">\r\n          <span data-animation=\"flipInY\" data-animation-delay=\"300\" class=\"icon-inner\"><span class=\"fa-stack\"><i class=\"fa rhex fa-stack-2x\"><\/i><i class=\"fa fa-thumbs-up fa-stack-1x\"><\/i><\/span><\/span>\r\n          <span data-animation=\"fadeInRight\" data-animation-delay=\"500\" class=\"title-inner\">DESTEKLEYEN KURUM VE KURULU\u015eLAR <small>\/ <\/small><\/span>\r\n      <\/h1>\r\n    \r\n      <div class=\"partners-carousel \"  data-animation=\"fadeInDown\" data-animation-delay=\"300\">\r\n          <div class=\"owl-carousel\" data-auto=\"true\" data-show_nav=\"true\" data-loop=\"true\" data-itemslide=\"5\" data-autoplaytimeout=\"3000\"><div><a href=\"http:\/\/www.sanayi.gov.tr\/\" target=\"_blank\"><img decoding=\"async\" src=\"http:\/\/www.kamu-bib.org.tr\/kamubib-17\/wp-content\/uploads\/2014\/10\/bilim-ve-sanayii-logo-e1442401323226.jpg\" alt=\"T.C. Bilim, Sanayi ve Teknoloji Bakanl\u0131\u011f\u0131\"\/><\/a><\/div><div><a href=\"http:\/\/www.ubak.gov.tr\/\" target=\"_blank\"><img decoding=\"async\" src=\"http:\/\/www.kamu-bib.org.tr\/kamubib-17\/wp-content\/uploads\/2014\/10\/ulastirmaBuyuk.png\" alt=\"T.C. Ula\u015ft\u0131rma Denizcilik ve Haberle\u015fme Bakanl\u0131\u011f\u0131\"\/><\/a><\/div><div><a href=\"http:\/\/bub.gov.ct.tr\/\" target=\"_blank\"><img decoding=\"async\" src=\"http:\/\/www.kamu-bib.org.tr\/kamubib-17\/wp-content\/uploads\/2014\/10\/KKTC-Ulastirma-Bakanligi-logo-y.png\" alt=\"KKTC Ula\u015ft\u0131rma Bakanl\u0131\u011f\u0131\"\/><\/a><\/div><div><a href=\"http:\/\/www.btk.gov.tr\/\" target=\"_blank\"><img decoding=\"async\" src=\"http:\/\/www.kamu-bib.org.tr\/kamubib-17\/wp-content\/uploads\/2014\/10\/btk.png\" alt=\"Bilgi Teknolojileri ve \u0130leti\u015fim Kurumu\"\/><\/a><\/div><div><a href=\"http:\/\/www.bthk.org\/\" target=\"_blank\"><img decoding=\"async\" src=\"http:\/\/www.kamu-bib.org.tr\/kamubib-17\/wp-content\/uploads\/2014\/10\/KKTC-BTHK-Logo.png\" alt=\"KKTC BTHK\"\/><\/a><\/div><div><a href=\"https:\/\/www.tse.org.tr\" target=\"_blank\"><img decoding=\"async\" src=\"http:\/\/www.kamu-bib.org.tr\/kamubib-17\/wp-content\/uploads\/2014\/10\/TSE-logo.jpg\" alt=\"tse\"\/><\/a><\/div><div><a href=\"http:\/\/dijitalgundemtr.com\/dijital-turkiye-platformu\/\" target=\"_blank\"><img decoding=\"async\" src=\"http:\/\/www.kamu-bib.org.tr\/kamubib-17\/wp-content\/uploads\/2015\/08\/digitalt-e1439485010508.jpg\" alt=\"Dijital T\u00fcrkiye Platformu\"\/><\/a><\/div><\/div>\r\n      <\/div>\r\n    [\/vc_column][\/vc_row][vc_row section_id=&#8221;etkinlik-hakkinda-bilgiler&#8221; css=&#8221;.vc_custom_1439544571885{margin-top: 0px !important;margin-bottom: 0px !important;border-top-width: 0px !important;border-bottom-width: 0px !important;padding-top: 70px !important;padding-bottom: 70px !important;}&#8221; fullwidth=&#8221;no&#8221; container=&#8221;1&#8243; parallax_bg=&#8221;0&#8243; stellar_background_ratio=&#8221;0.6&#8243;][vc_column width=&#8221;2\/3&#8243;]\r\n      <h1 class=\"section-title \">\r\n          <span data-animation=\"flipInY\" data-animation-delay=\"300\" class=\"icon-inner\"><span class=\"fa-stack\"><i class=\"fa rhex fa-stack-2x\"><\/i><i class=\"fa fa-question fa-stack-1x\"><\/i><\/span><\/span>\r\n          <span data-animation=\"fadeInRight\" data-animation-delay=\"500\" class=\"title-inner\">ETK\u0130NL\u0130K HAKKINDA B\u0130LG\u0130LER <small>\/ <\/small><\/span>\r\n      <\/h1>\r\n    [\/vc_column][vc_column width=&#8221;1\/3&#8243;][vc_column_text]<br \/>\n[\/vc_column_text][\/vc_column][vc_column css=&#8221;.vc_custom_1417508840067{padding-top: 0px !important;padding-bottom: 15px !important;}&#8221;]<div class=\"row faq margin-top \" data-animation=\"fadeInUp\" data-animation-delay=\"100\"><div class=\"col-sm-6 col-md-6 pull-left\"><ul id=\"tabs-faq\"  class=\"nav\"><li class=\"active\"><a href=\"#tab-98\" data-toggle=\"tab\"><i class=\"fa fa-angle-right\"><\/i> <span class=\"faq-inner\">TBD Kamu-B\u0130B 17 \u00c7al\u0131\u015fma Gruplar\u0131 ve Kurullar<\/span><\/a><\/li><li ><a href=\"#tab-97\" data-toggle=\"tab\"><i class=\"fa fa-angle-right\"><\/i> <span class=\"faq-inner\">TBD Kamu-B\u0130B 17 Etkinli\u011fe Kat\u0131l\u0131m Bilgileri<\/span><\/a><\/li><li ><a href=\"#tab-96\" data-toggle=\"tab\"><i class=\"fa fa-angle-right\"><\/i> <span class=\"faq-inner\">TBD Kamu B\u0130B 17 Etkinlik Yeri Bilgileri<\/span><\/a><\/li><li ><a href=\"#tab-95\" data-toggle=\"tab\"><i class=\"fa fa-angle-right\"><\/i> <span class=\"faq-inner\">Ge\u00e7mi\u015f TBD Kamu-B\u0130B Etkinlikleri<\/span><\/a><\/li><\/ul><\/div><div class=\"col-sm-6 col-md-6 pull-right\"><div class=\"tab-content\"><div id=\"tab-98\" class=\"tab-pane fade in active\"><div><a href=\"http:\/\/www.kamu-bib.org.tr\/kamubib-17\/calismagruplari\/\"><strong>TBD Kamu-B\u0130B 17 \u00c7al\u0131\u015fma Gruplar\u0131<\/strong><\/a>\r\n<ul>\r\n\t<li>T\u00fcrkiye\u2019nin Bilgi Toplumu \u00dcst Yap\u0131s\u0131<\/li>\r\n\t<li>e-Devlet Hizmetlerinden Beklentilerimiz<\/li>\r\n\t<li>e-Ticaret G\u00fcvenlik Sertifikasyonu ve D\u00fczenlemeler<\/li>\r\n\t<li>Siber G\u00fcvenlik (Kritik Altyap\u0131 G\u00fcvenli\u011fi)<\/li>\r\n<\/ul>\r\n<a href=\"http:\/\/www.kamu-bib.org.tr\/kamubib-17\/kurullar\/\"><strong>TBD Kurullar<\/strong><\/a>\r\n<ul>\r\n\t<li>TBD Y\u00f6netim Kurulu<\/li>\r\n\t<li>TBD Kamu-B\u0130B Y\u00fcr\u00fctme Kurulu<\/li>\r\n\t<li>TBD Kamu-B\u0130B Y\u00fcr\u00fctme Kurulu Dan\u0131\u015fmanlar\u0131<\/li>\r\n\t<li>TBD Kamu-B\u0130B 17 Etkinlik Y\u00fcr\u00fctme Kurulu<\/li>\r\n<\/ul><\/div><\/div><div id=\"tab-97\" class=\"tab-pane fade \"><div>TBD Kamu-B\u0130B etkinliklerine, TBD ve firmalar taraf\u0131ndan davet edilen kamu \u00e7al\u0131\u015fanlar\u0131 ve sponsor firma yetkilileri kat\u0131labilmektedir.\r\nEtkinli\u011fe, TBD taraf\u0131ndan kamu kurum ve kurulu\u015flar\u0131nda g\u00f6rev yapan 150\u2019ye yak\u0131n bili\u015fim dairesi y\u00f6neticileri ve TBD Kamu-B\u0130B \u00c7al\u0131\u015fma Grubu \u00fcyeleri davet edilmektedir. Davetli ki\u015filerin etkinli\u011fe kat\u0131l\u0131m ve ula\u015f\u0131m bedelleri TBD taraf\u0131ndan kar\u015f\u0131lanmaktad\u0131r.\r\n\r\nSponsor firmalar, ayr\u0131ca etkinli\u011fe davet etmek istedikleri kamu kurum ve kurulu\u015f personelini a\u015fa\u011f\u0131da belirtilen kat\u0131l\u0131m \u00fccretlerini kar\u015f\u0131layarak davet edebilmektedirler.\r\nTBD Kamu-B\u0130B etkinli\u011fine sponsor olan her firmaya sponsorluk t\u00fcr\u00fcne g\u00f6re belli bir kat\u0131l\u0131m hakk\u0131 verilmektedir. Bu say\u0131 sponsorluk dosyas\u0131nda belirtilmektedir. Bu say\u0131n\u0131n d\u0131\u015f\u0131ndaki firma kat\u0131l\u0131m\u0131 i\u00e7in kat\u0131l\u0131m \u00fccretleri al\u0131nmaktad\u0131r.\r\n<div class=\"row\">\r\n<div class=\"col-md-6\">\r\n\r\n<a href=\"http:\/\/www.kamu-bib.org.tr\/kamubib-17\/sponsorluk-dosyasi\/\">Sponsorluk Dosyas\u0131<\/a>\r\n\r\n<\/div>\r\n<div class=\"col-md-6\">\r\n\r\n<i class=\"fa fa-check-circle-o\"><\/i> <a href=\"http:\/\/www.kamu-bib.org.tr\/kamubib-17\/iletisim\/\">\u0130leti\u015fim Bilgileri<\/a>\r\n\r\n<\/div>\r\n<\/div><\/div><\/div><div id=\"tab-96\" class=\"tab-pane fade \"><div><a href=\"http:\/\/www.kamu-bib.org.tr\/kamubib-17\/kamu-bib-17-etkinlik-yeri\/\">Acapulco Resort Hotel, Girne - KKTC (Kuzey K\u0131br\u0131s T\u00fcrk Cumhuriyeti)<\/a>\r\n<div class=\"row\">\r\n<div class=\"col-md-6\">\r\n\r\n<a href=\"http:\/\/www.kamu-bib.org.tr\/kamubib-17\/kamu-bib-17-etkinlik-yeri\/\"> Acapulco Otel G\u00f6rseller<\/a>\r\n\r\n<\/div>\r\n<div class=\"col-md-6\">\r\n\r\n<i class=\"fa fa-check-circle-o\"><\/i> <a href=\"http:\/\/www.acapulco.com.tr\/tr\/iletisim\/\" target=\"_blank\">Acapulco Otel \u0130leti\u015fim Sayfas\u0131<\/a>\r\n\r\n<\/div>\r\n<\/div><\/div><\/div><div id=\"tab-95\" class=\"tab-pane fade \"><div><a href=\"http:\/\/www.kamu-bib.org.tr\/kamubib-17\/gecmis-kamu-bib-etkinlikleri\/\">Ge\u00e7mi\u015f TBD Kamu-B\u0130B Etkinlikleri<\/a>\r\n<div class=\"row\">\r\n<div class=\"col-md-6\"><a href=\"http:\/\/kamu-bib.org.tr\/kamubib-16\/\" target=\"_blank\">Kamu-B\u0130B 16\u00a0 <\/a>\r\n<a href=\"http:\/\/kamu-bib.org.tr\/kamubib-15\/\" target=\"_blank\">Kamu-B\u0130B 15\u00a0 <\/a><\/div>\r\n<div class=\"col-md-6\"><a href=\"http:\/\/kamu-bib.org.tr\/kamubib-14\/\" target=\"_blank\">Kamu-B\u0130B 14\u00a0 <\/a>\r\n<a href=\"http:\/\/kamu-bib.org.tr\/kamubib-13\/\" target=\"_blank\">Kamu-B\u0130B 13\u00a0 <\/a>\r\n<div class=\"row\">\r\n<div class=\"col-md-6\"><a href=\"http:\/\/kamu-bib.org.tr\/kamubib-12\/\" target=\"_blank\">Kamu-B\u0130B 12<\/a><\/div>\r\n<\/div>\r\n<\/div>\r\n<\/div><\/div><\/div><\/div><\/div><\/div>[\/vc_column][\/vc_row][vc_row el_class=&#8221;color&#8221; fullwidth=&#8221;no&#8221; css=&#8221;.vc_custom_1428393239317{margin-top: 0px !important;margin-bottom: 0px !important;border-top-width: 0px !important;border-bottom-width: 0px !important;padding-top: 70px !important;padding-bottom: 70px !important;}&#8221; container=&#8221;1&#8243; parallax_bg=&#8221;0&#8243; stellar_background_ratio=&#8221;0.6&#8243;][vc_column]\r\n      <h1 class=\"section-title \">\r\n          <span data-animation=\"flipInY\" data-animation-delay=\"300\" class=\"icon-inner\"><span class=\"fa-stack\"><i class=\"fa rhex fa-stack-2x\"><\/i><i class=\"fa fa-comments fa-stack-1x\"><\/i><\/span><\/span>\r\n          <span data-animation=\"fadeInRight\" data-animation-delay=\"500\" class=\"title-inner\">SPONSORLUKLAR <small>\/ <\/small><\/span>\r\n      <\/h1>\r\n    [vc_column_text]<\/p>\n<p>ETK\u0130NL\u0130K \u0130S\u0130M SPONSORLU\u011eU | ANA SPONSORLUK | ETK\u0130NL\u0130K SPONSORLU\u011eU | YARDIMCI SPONSORLUK | DESTEKLEYEN SPONSOR &gt;&gt;\u00a0<a href=\"http:\/\/www.kamu-bib.org.tr\/kamubib-17\/sponsorluk-dosyasi\/\"><strong>AYRINTILI B\u0130LG\u0130 ve SPONSORLUK SAYFASI \u0130\u00c7\u0130N TIKLAYINIZ&#8230;<\/strong><\/a><\/p>\n<p>[\/vc_column_text][\/vc_column][\/vc_row][vc_row section_id=&#8221;program&#8221; css=&#8221;.vc_custom_1438556227880{margin-top: 0px !important;margin-bottom: 0px !important;border-top-width: 0px !important;border-bottom-width: 0px !important;padding-top: 70px !important;padding-bottom: 70px !important;}&#8221; fullwidth=&#8221;no&#8221; el_class=&#8221;light&#8221; el_id=&#8221;schedule&#8221; container=&#8221;1&#8243; parallax_bg=&#8221;0&#8243; stellar_background_ratio=&#8221;0.6&#8243;][vc_column width=&#8221;2\/3&#8243;]\r\n      <h1 class=\"section-title \">\r\n          <span data-animation=\"flipInY\" data-animation-delay=\"300\" class=\"icon-inner\"><span class=\"fa-stack\"><i class=\"fa rhex fa-stack-2x\"><\/i><i class=\"fa fa-star fa-stack-1x\"><\/i><\/span><\/span>\r\n          <span data-animation=\"fadeInRight\" data-animation-delay=\"500\" class=\"title-inner\">ETK\u0130NL\u0130K PROGRAMI <small>\/ <\/small><\/span>\r\n      <\/h1>\r\n    [vc_column_text]<\/p>\n<p><a href=\"http:\/\/www.kamu-bib.org.tr\/kamubib-17\/program\/\">Etkinlik Program Sayfas\u0131na gitmek i\u00e7in t\u0131klay\u0131n\u0131z..<\/a><\/p>\n<p>[\/vc_column_text][\/vc_column][\/vc_row][vc_row section_id=&#8221;contact&#8221; el_class=&#8221;color&#8221; fullwidth=&#8221;no&#8221; css=&#8221;.vc_custom_1437730912305{margin-top: 0px !important;margin-bottom: 0px !important;border-top-width: 0px !important;border-bottom-width: 0px !important;padding-top: 70px !important;padding-bottom: 70px !important;}&#8221; container=&#8221;1&#8243; parallax_bg=&#8221;0&#8243; stellar_background_ratio=&#8221;0.6&#8243;][vc_column]\r\n      <h1 class=\"section-title \">\r\n          <span data-animation=\"flipInY\" data-animation-delay=\"300\" class=\"icon-inner\"><span class=\"fa-stack\"><i class=\"fa rhex fa-stack-2x\"><\/i><i class=\"fa fa-ticket fa-stack-1x\"><\/i><\/span><\/span>\r\n          <span data-animation=\"fadeInRight\" data-animation-delay=\"500\" class=\"title-inner\">\u0130LET\u0130\u015e\u0130M <small>\/ <\/small><\/span>\r\n      <\/h1>\r\n    [vc_column_text]<\/p>\n<div>\n<div style=\"width: 100px !important; float: left;\">\u0130lgili<\/div>\n<div>: Arzu KILI\u00c7<\/div>\n<\/div>\n<div>\n<div style=\"width: 100px !important; float: left;\">Tel<\/div>\n<div>\n<p>: +90 (312) 473 8215 (pbx)<\/p>\n<div>\n<div style=\"width: 100px !important; float: left;\">E-Posta<\/div>\n<div>: arzu.kilic@tbd.org.tr<\/div>\n<div>\n<div style=\"width: 100px !important; float: left;\">Adres<\/div>\n<div>: Ceyhun Atuf Kansu Caddesi 1246. Sokak No:4\/17 Balgat \/ ANKARA<\/div>\n<p><a href=\"http:\/\/www.kamu-bib.org.tr\/kamubib-17\/iletisim\/\">\u0130leti\u015fim formu i\u00e7in t\u0131klay\u0131n\u0131z&#8230;<\/a><\/p>\n<\/div>\n<\/div>\n<\/div>\n<\/div>\n<p>[\/vc_column_text][\/vc_column][\/vc_row][vc_row][vc_column][vc_column_text]<\/p>\n<p>[\/vc_column_text][\/vc_column][\/vc_row]<\/p>\n<\/div>","protected":false},"excerpt":{"rendered":"<p>[vc_row full_width=&#8221;stretch_row_content_no_spaces&#8221; section_id=&#8221;home&#8221; fullwidth=&#8221;no&#8221; bg_image_custom=&#8221;121&#8243; el_id=&#8221;home&#8221; css=&#8221;.vc_custom_1715262762424{margin-top: 0px !important;margin-bottom: 0px !important;border-top-width: 0px !important;border-bottom-width: 0px !important;padding-top: 0px !important;padding-bottom: 0px !important;background-image: url(http:\/\/www.kamu-bib.org.tr\/kamubib-17\/wp-content\/uploads\/2015\/07\/sitebg11.jpg?id=797) !important;background-position: center !important;background-repeat: no-repeat !important;background-size: cover !important;}&#8221; container=&#8221;1&#8243; parallax_bg=&#8221;1&#8243; stellar_background_ratio=&#8221;0.6&#8243;][vc_column css=&#8221;.vc_custom_1417507329606{padding-bottom: 0px !important;}&#8221;][\/vc_column][\/vc_row][vc_row section_id=&#8221;about&#8221; css=&#8221;.vc_custom_1428394403301{margin-top: 0px !important;margin-bottom: 0px !important;border-top-width: 0px !important;border-bottom-width: 0px<\/p>\n","protected":false},"author":3,"featured_media":0,"parent":0,"menu_order":0,"comment_status":"open","ping_status":"closed","template":"home_template.php","meta":{"footnotes":""},"_links":{"self":[{"href":"http:\/\/www.kamu-bib.org.tr\/kamubib-17\/wp-json\/wp\/v2\/pages\/139"}],"collection":[{"href":"http:\/\/www.kamu-bib.org.tr\/kamubib-17\/wp-json\/wp\/v2\/pages"}],"about":[{"href":"http:\/\/www.kamu-bib.org.tr\/kamubib-17\/wp-json\/wp\/v2\/types\/page"}],"author":[{"embeddable":true,"href":"http:\/\/www.kamu-bib.org.tr\/kamubib-17\/wp-json\/wp\/v2\/users\/3"}],"replies":[{"embeddable":true,"href":"http:\/\/www.kamu-bib.org.tr\/kamubib-17\/wp-json\/wp\/v2\/comments?post=139"}],"version-history":[{"count":121,"href":"http:\/\/www.kamu-bib.org.tr\/kamubib-17\/wp-json\/wp\/v2\/pages\/139\/revisions"}],"predecessor-version":[{"id":1942,"href":"http:\/\/www.kamu-bib.org.tr\/kamubib-17\/wp-json\/wp\/v2\/pages\/139\/revisions\/1942"}],"wp:attachment":[{"href":"http:\/\/www.kamu-bib.org.tr\/kamubib-17\/wp-json\/wp\/v2\/media?parent=139"}],"curies":[{"name":"wp","href":"https:\/\/api.w.org\/{rel}","templated":true}]}}