{"id":1736,"date":"2015-10-12T17:34:24","date_gmt":"2015-10-12T14:34:24","guid":{"rendered":"http:\/\/www.kamu-bib.org.tr\/kamubib-17\/?page_id=1736"},"modified":"2018-02-16T11:34:03","modified_gmt":"2018-02-16T08:34:03","slug":"katilimci-bilgilendirme","status":"publish","type":"page","link":"http:\/\/www.kamu-bib.org.tr\/kamubib-17\/katilimci-bilgilendirme\/","title":{"rendered":"Kat\u0131l\u0131mc\u0131 Bilgilendirme"},"content":{"rendered":"<p><strong><a href=\"http:\/\/www.kamu-bib.org.tr\/kamubib-17\/wp-content\/uploads\/2015\/10\/785x250.jpg\"><img loading=\"lazy\" decoding=\"async\" class=\"alignnone size-full wp-image-1742\" src=\"http:\/\/www.kamu-bib.org.tr\/kamubib-17\/wp-content\/uploads\/2015\/10\/785x250.jpg\" alt=\"Kamu-B\u0130B\" width=\"785\" height=\"250\" srcset=\"http:\/\/www.kamu-bib.org.tr\/kamubib-17\/wp-content\/uploads\/2015\/10\/785x250.jpg 785w, http:\/\/www.kamu-bib.org.tr\/kamubib-17\/wp-content\/uploads\/2015\/10\/785x250-300x96.jpg 300w\" sizes=\"(max-width: 785px) 100vw, 785px\" \/><\/a><\/strong><\/p>\n<h2><strong>TBD K<\/strong><strong>amu<\/strong><strong>-B\u0130B KKTC Kat\u0131l\u0131mc\u0131lara Y\u00f6nelik <\/strong><strong>B\u0130LG\u0130LEND\u0130RME<\/strong><\/h2>\n<p><strong>De\u011ferli TBD Kamu-B\u0130B 17 Kat\u0131l\u0131mc\u0131s\u0131,<\/strong><\/p>\n<p>TBD Kamu-B\u0130B Kamu Bili\u015fim Platformu-17, \u201c2023 ve \u00d6tesi: Kamu Hizmetlerinde Yenilik\u00e7i Yakla\u015f\u0131mlar\u201d temal\u0131 etkinli\u011fimizde\u00a015-18 Ekim\u2019de\u00a0 KKTC, Girne Acapulco Otel\u2019de sizlerle bir arada olaca\u011f\u0131z.<\/p>\n<p>Etkinlik boyunca \u201c<strong>Siber G<\/strong><strong>\u00fcvenlik<\/strong>\u201d,\u201c<strong>e-Ticaret G\u00fcvenli\u011fi<\/strong>\u201d, \u201c<strong>e-Devlet Hizmetleri<\/strong>\u201d ile \u201c<strong>Bilgi Toplumu \u00dcst Yap\u0131s\u0131<\/strong>\u201d konular\u0131nda haz\u0131rlanm\u0131\u015f raporlar irdelenip kamuoyu ile tart\u0131\u015fmaya a\u00e7\u0131lacak.<\/p>\n<p>Ayr\u0131nt\u0131l\u0131 Program : \u00a0<a href=\"http:\/\/www.kamu-bib.org.tr\/kamubib-17\/program\/\">http:\/\/kamu-bib.org.tr\/program<\/a><\/p>\n<p>&#8220;Etkinlik \u00d6ncesi ve Etkinlik S\u00fcreci ile ilgili \u00d6nemli Bilgiler&#8221; a\u015fa\u011f\u0131da payla\u015f\u0131lmakta olup, T\u00fcrkiye Bili\u015fim Derne\u011fi YK ve Kamu-B\u0130B YK olarak etkinli\u011fimize kat\u0131l\u0131m, katk\u0131 ve destekleriniz i\u00e7in te\u015fekk\u00fcr eder, iyi seyahatler dileriz.<\/p>\n<p><strong>T\u00fcrkiye Bili\u015f<\/strong><strong>im Derne<\/strong><strong>\u011fi &#8211; <\/strong><a href=\"http:\/\/www.tbd.org.tr\">www.tbd.org.tr<\/a><\/p>\n<p><strong>\u00a0<\/strong><\/p>\n<p><strong>\u0130LET\u0130\u015e\u0130M\u00a0<\/strong>:<\/p>\n<p>Soru ve Sorunlar\u0131n\u0131zda ileti\u015fime ge\u00e7ebilece\u011finiz Yetkililer<\/p>\n<p><strong>Organizasyon Firmas\u0131 Y\u00f6neticisi<\/strong><\/p>\n<p>Sinem G\u00d6KMEN, 0549 377 77 68, sinem@ankaragoldengate.com<\/p>\n<p><strong>Etkinlik Organizasyonu TBD Sorumlus <\/strong><\/p>\n<p>Arzu KILI\u00c7, <a href=\"mailto:arzu.kilic@tbd.org.tr\">arzu.kilic@tbd.org.tr<\/a>.<\/p>\n<p><strong>Bas\u0131n-Medya<\/strong><strong>\u2019<\/strong><strong>dan Sorumlu TBD YK \u00dcyesi<\/strong><\/p>\n<p>Ertan BARUT,\u00a00532 426 12 66, <a href=\"mailto:ertanbarut@globalnet.com.tr\">ertanbarut@globalnet.com.tr<\/a><\/p>\n<p><strong>Sponsorlardan Sorumlu TBD YK \u00dcyesi<\/strong><\/p>\n<p>Nihan TUNA,\u00a00532 313 07 21, ntuna@emt.com.tr<\/p>\n<p>&nbsp;<\/p>\n<p><span style=\"color: #0000ff;\"><strong>KKTC SEYAHAT\u0130 <\/strong><strong>\u00d6<\/strong><strong>NCES\u0130 B\u0130LG\u0130LER<\/strong><\/span><\/p>\n<p><strong>U\u00e7u\u015f Bilgileri : <\/strong>U\u00e7u\u015f bilgileriniz size SMS ve E-posta yoluyla g\u00f6nderilecektir. 24 saat \u00f6ncesinde check-in i\u015flemini yapman\u0131z gerekmektedir.<\/p>\n<p><strong>Pasaport \/ N\u00fcfus C\u00fczdan\u0131 : <\/strong>N\u00fcfus C\u00fczdan\u0131n\u0131z\u0131 alman\u0131z yeterlidir. N\u00fcfus c\u00fczdan\u0131 ile g\u00fcmr\u00fck \u00e7\u0131k\u0131\u015f\u0131nda al\u0131nacak olan \u201c<strong>HUDUT KAPILARINDAN G\u0130R\u0130\u015e-\u00c7IKI\u015e FORMU<\/strong>\u201d seyahat s\u00fcresince muhafaza edilmelidir.<\/p>\n<p><strong>K\u0131br\u0131s<\/strong><strong>\u2019<\/strong><strong>ta TL Kullan\u0131m\u0131 : <\/strong>K\u0131br\u0131s\u2019a gitti\u011finiz zaman kullanacak oldu\u011funuz para birimi T\u00fcrk Liras\u0131 ve K\u0131br\u0131s Liras\u0131 (KL) olacakt\u0131r. Ayr\u0131ca kredi kart\u0131 se\u00e7eneklerinin bir\u00e7o\u011fu da burada kullan\u0131lmaktad\u0131r.<\/p>\n<p><strong>Velisinden ayr\u0131 gelen 18 Ya\u015f\u0131ndan K\u00fc\u00e7\u00fck \u00c7ocuklar \u0130\u00e7in Muvafakatname : <\/strong>Velisinden ayr\u0131 tek ba\u015f\u0131na gelen 18 ya\u015f\u0131ndan k\u00fc\u00e7\u00fck \u00e7ocuklar i\u00e7in u\u00e7a\u011fa bini\u015f s\u0131ras\u0131nda Velisi taraf\u0131ndan \u00f6nceden al\u0131nm\u0131\u015f Muvafakatname belgesi gerekmektedir. Herhangi bir noterden bu evrak\u0131 \u00e7\u0131kartt\u0131rabilirsiniz.<\/p>\n<p><strong>3<\/strong><strong>\u2019<\/strong><strong>l\u00fc Priz \u00c7evirici Adapt\u00f6r : <\/strong>K\u0131br\u0131s\u2019ta priz sistemi 3\u2019l\u00fc yani 3 giri\u015fli ve 240 volt. Her t\u00fcrl\u00fc cihaz i\u00e7in bir \u00e7evirici adapt\u00f6r\u00fc yan\u0131n\u0131za alman\u0131z\u0131 tavsiye ederiz.<\/p>\n<p><strong>Resmi K\u0131yafet : <\/strong>Kongre kat\u0131l\u0131mc\u0131lar\u0131na 16 Ekim 2015 A\u00e7\u0131l\u0131\u015f T\u00f6renine kat\u0131l\u0131m i\u00e7in bir adet resmi k\u0131yafet almalar\u0131n\u0131 \u00f6nermekteyiz.<\/p>\n<p><strong>Hava Durumu : <\/strong>K\u0131br\u0131s\u2019ta Tahmini Hava Durumuna <a href=\"http:\/\/kktcmeteor.org\/\">http:\/\/kktcmeteor.org\/<\/a> adresinden eri\u015febilirsiniz. Web sitesinden al\u0131nan son verilere g\u00f6re 15-18 Ekim tarihleri aras\u0131nda ortalama s\u0131cakl\u0131\u011f\u0131n 28-30 derece ve g\u00fcne\u015fli olmas\u0131 beklenmektedir.<\/p>\n<p><strong>T\u00fcrkiye &gt; K\u0131br\u0131s &gt; T\u00fcrkiye Cep Telefonu ileti\u015fim tarifeleri ve kullan\u0131mlar\u0131 : <\/strong>\u00d6ncelikle Fatural\u0131\/Faturas\u0131z hatt\u0131n\u0131z\u0131 K\u0131br\u0131s\u2019ta kullanabilmek i\u00e7in hatt\u0131n\u0131z\u0131n uluslararas\u0131 dola\u015f\u0131ma (roaming) a\u00e7t\u0131rmal\u0131s\u0131n\u0131z<\/p>\n<p>Ayr\u0131ca Ercan Havaalan\u0131 Turkcell, Avea, Vodafone bayilerinden paket alabilirsiniz.\u00a0\u00d6nceden ara\u015ft\u0131rma ve bilgi sahibi olmak isterseniz ;<strong><br \/>\n<\/strong><\/p>\n<p><strong>KKTC :\u00a0<\/strong><\/p>\n<p>TURKCELL\u00a0\u00a0\u00a0 :\u00a0<a href=\"http:\/\/www.kktcell.com\/\">http:\/\/www.kktcell.com\/<\/a><\/p>\n<p>VODAFONE\u00a0 :\u00a0<a href=\"http:\/\/www.kktctelsim.com\/\">http:\/\/www.kktctelsim.com\/<\/a><\/p>\n<p>AVEA\u00a0 \u00a0\u00a0\u00a0\u00a0\u00a0\u00a0\u00a0\u00a0\u00a0\u00a0 :\u00a0<a href=\"http:\/\/www.avea.com.tr\/web\/KonusMesajlas\/Paketler\/KKTCKonusma\">http:\/\/www.avea.com.tr\/web\/KonusMesajlas\/Paketler\/KKTCKonusma<\/a><\/p>\n<p>&nbsp;<\/p>\n<p><span style=\"color: #0000ff;\"><strong>KKTC VARI<\/strong><strong>\u015e<\/strong> <strong>ve ETK<\/strong><strong>\u0130<\/strong><strong>NL<\/strong><strong>\u0130<\/strong><strong>K HAKKINDA B<\/strong><strong>\u0130<\/strong><strong>LG<\/strong><strong>\u0130<\/strong><strong>LER<\/strong><\/span><\/p>\n<p><strong>Ercan Havaalan\u0131 Otele Gidi\u015f: <\/strong>Havaalan\u0131nda kar\u015f\u0131lama yap\u0131lacak ve u\u00e7ak var\u0131\u015f saatlerinizde alandaki servislerimizle transfer ger\u00e7ekle\u015ftirilecektir.<\/p>\n<p><strong>Otel ve Yerle\u015fim Yeri :<\/strong><a href=\"http:\/\/www.kamu-bib.org.tr\/kamubib-17\/kamu-bib-17-etkinlik-yeri\/\">http:\/\/kamu-bib.org.tr\/kamu-bib-17-etkinlik-yeri\/<\/a> adresinden inceleyebilirsiniz.\u00a0<strong>\u00a0<\/strong><\/p>\n<p><strong>Kay\u0131t ve Otele Yerle\u015fme : <\/strong>Otele giri\u015fte TBD Stand\u0131na u\u011frayarak kay\u0131t i\u015fleminizi yapt\u0131r\u0131n\u0131z. Takiben otel resepsiyonunda oda kay\u0131t i\u015flemlerinizi yap\u0131n\u0131z.<\/p>\n<p><strong>Etkinlik Program\u0131 : <\/strong><a href=\"http:\/\/www.kamu-bib.org.tr\/kamubib-17\/program\/\">http:\/\/www.kamu-bib.org.tr\/kamubib-17\/program\/<\/a><\/p>\n<p><strong>15 Ekim KKTC Turu ve \u015eehitlik Ziyareti : <\/strong>15 Ekim 14:30 \u2018daki bu etkinli\u011fe kat\u0131lmak i\u00e7in otele giri\u015fte kay\u0131t yapt\u0131rmay\u0131 unutmay\u0131n\u0131z.<\/p>\n<p><span style=\"color: #0000ff;\"><strong>\u00c7EK\u0130L\u0130\u015e ve HED\u0130YELER :<\/strong><\/span><\/p>\n<p>Etkinli\u011fimiz s\u00fcresince Kongre Kat\u0131l\u0131mc\u0131lar\u0131na y\u00f6nelik olarak Oturumlara kat\u0131lanlar ve Anket dolduranlar aras\u0131ndan \u00e7ekilecek kura ile a\u015fa\u011f\u0131daki \u00fcr\u00fcnler hediye edilecektir.\u00a0(*)<strong><br \/>\n<\/strong><\/p>\n<p><strong>D\u0130KKAT \u00d6NEML\u0130 ! <\/strong>Etkinlik kay\u0131t i\u015flemi s\u0131ras\u0131nda Yaka Kartlar\u0131 ile birlikte \u00e7ekili\u015fte kullanaca\u011f\u0131n\u0131z etiketler verilecektir. Oturumlarda bu etiketler \u00fczerinde yer alan say\u0131lar \u00fczerinden \u00e7ekili\u015f yap\u0131lacakt\u0131r.<\/p>\n<table width=\"490\">\n<tbody>\n<tr>\n<td width=\"146\"><strong>\u00dcr\u00fcn Da\u011f\u0131tacak Firma <\/strong><\/td>\n<td width=\"293\"><strong>\u00dcr\u00fcn Marka &#8211; Model A\u00e7\u0131klamas\u0131<\/strong><\/td>\n<td width=\"51\"><strong>Adet<\/strong><\/td>\n<\/tr>\n<tr>\n<td width=\"146\"><strong>FUJITSU<\/strong><\/td>\n<td width=\"293\">LifeBook LB U574 I5-4200U\/4 GB\/SSHD 500GB<\/td>\n<td width=\"51\">1 Adet<\/td>\n<\/tr>\n<tr>\n<td width=\"146\"><strong>EXTREME<\/strong><\/td>\n<td width=\"293\">SAMSUNG Galaxy Tab3 Lite<\/td>\n<td width=\"51\">2 Adet<\/td>\n<\/tr>\n<tr>\n<td width=\"146\"><strong>TREND MICRO<\/strong><\/td>\n<td width=\"293\">SAMSUNG Galaxy Tab3 Lite<\/td>\n<td width=\"51\">2 Adet<\/td>\n<\/tr>\n<tr>\n<td width=\"146\"><strong>EPDATA<\/strong><\/td>\n<td width=\"293\">Lexmark CX310dn \u00c7ok \u0130\u015flevli Renkli Lazer Yaz\u0131c\u0131<\/td>\n<td width=\"51\">2 Adet<\/td>\n<\/tr>\n<tr>\n<td width=\"146\"><strong>CANON<\/strong><\/td>\n<td width=\"293\">Canon \u0130-Sensys LBP6030 Laser Yaz\u0131c\u0131<\/td>\n<td width=\"51\">2 Adet<\/td>\n<\/tr>\n<tr>\n<td width=\"146\"><strong>GLOBALNET\u00a0<\/strong><\/td>\n<td width=\"293\">\u201d<strong>\u0130NTERNET VARLI\u011eI<\/strong>\u201d Aile Paketi<\/td>\n<td width=\"51\">5 Adet<\/td>\n<\/tr>\n<tr>\n<td width=\"146\"><strong>\u00a0<\/strong><\/td>\n<td width=\"293\">(Alan Ad\u0131+Aile Web Sitesi+Web Hosting+E-Posta<\/td>\n<td width=\"51\"><\/td>\n<\/tr>\n<tr>\n<td width=\"146\"><strong>\u00a0<\/strong><\/td>\n<td width=\"293\">+ Sosyal Medya + SEO + Analiz + Reklam + Destek)<\/td>\n<td width=\"51\"><\/td>\n<\/tr>\n<tr>\n<td width=\"146\"><strong>FOKUS AKADEM\u0130<\/strong><\/td>\n<td width=\"293\">Online H\u0131zl\u0131 Okuma E\u011fitimi<\/td>\n<td width=\"51\">5 Adet<\/td>\n<\/tr>\n<tr>\n<td width=\"146\"><strong>VER\u0130YUM B\u0130L\u0130\u015e\u0130M<\/strong><\/td>\n<td width=\"293\">Bitdefender Gravityzone Bus. Security<\/td>\n<td width=\"51\">5 Adet<\/td>\n<\/tr>\n<tr>\n<td width=\"146\"><strong>\u00a0<\/strong><\/td>\n<td width=\"293\">(1 Y\u0131l\u20135 Kullan\u0131c\u0131)<\/td>\n<td width=\"51\"><\/td>\n<\/tr>\n<tr>\n<td width=\"146\"><strong>INTEL SECURITY<\/strong><\/td>\n<td width=\"293\">McAfee Livesafe Anti Vir\u00fcs Paketi<\/td>\n<td width=\"51\">5 adet<\/td>\n<\/tr>\n<tr>\n<td width=\"146\"><strong>TBD<\/strong><\/td>\n<td width=\"293\">B\u0130MY\u201923 2016 Etkinli\u011fi Konaklama+Kongre Kat\u0131l\u0131m\u0131<\/td>\n<td width=\"51\">2 Adet<\/td>\n<\/tr>\n<\/tbody>\n<\/table>\n<p>(*) \u00c7ekili\u015flere TBD Merkez ve \u015eubeler Y\u00f6netim Kurulu ve Denetim Kurulu \u00dcyeleri, TBD \u00c7al\u0131\u015fanlar\u0131, Organizasyon Firmas\u0131 temsilcileri, Kongre kat\u0131l\u0131mc\u0131s\u0131 olmayanlar i\u015ftirak edemezler.\u00a0Bir ki\u015fi birden fazla hediye kazanamaz.<\/p>\n<p><span style=\"color: #0000ff;\"><strong>SOSYAL MEDYADAN TAK<\/strong><strong>\u0130<\/strong><strong>P ve <\/strong><strong>\u0130<\/strong><strong>ZLEME<\/strong><\/span><\/p>\n<p><strong>ETK\u0130NL\u0130\u011e\u0130M\u0130Z\u0130 SOSYAL MEDYADAN TAK\u0130P\u00a0ED\u0130N, DESTEK OLUN<\/strong><\/p>\n<p>Etkinlik s\u00fcreci ve sonras\u0131 bilgilendirmelere ve payla\u015f\u0131mlara, foto\u011fraflara, bilgilere sosyal medya ortamlar\u0131m\u0131zdan a\u015fa\u011f\u0131daki etiketleri aratarak ula\u015fabilirsiniz.<\/p>\n<p><strong>Payla\u015f\u0131mlara katk\u0131 ve desteklerinizi bekleriz.\u00a0<\/strong><\/p>\n<p><strong>Sosyal Medya Etiketleri\u00a0: <\/strong><\/p>\n<p>Facebook ya da Twitter \u2019daki payla\u015f\u0131mlar\u0131n\u0131zda l\u00fctfen \u00a0<a href=\"https:\/\/twitter.com\/hashtag\/kamub%25c4%25b0b?src=hash\">#kamubib<\/a>\u00a0\u00a0<a href=\"https:\/\/twitter.com\/hashtag\/tbd?src=hash\">#TBD<\/a>\u00a0 etiketlerini kullan\u0131n\u0131z ve haberdar olmam\u0131z i\u00e7in twitter \u2018da\u00a0 <a href=\"https:\/\/twitter.com\/kamubib\">@kamubib<\/a>\u00a0\u00a0<a href=\"https:\/\/twitter.com\/tbdbilisim\">@tbdbilisim<\/a>\u00a0adreslerini ekleyiniz.<\/p>\n<p><strong>\u00d6<\/strong><strong>RNEK TWEET :<br \/>\n<\/strong><\/p>\n<p><a href=\"https:\/\/twitter.com\/hashtag\/kamub%25c4%25b0b?src=hash\">#kamubib<\/a><strong>\u00a0 A\u00e7\u0131l\u0131\u015ftay\u0131z. \u00a0<\/strong><a href=\"https:\/\/twitter.com\/hashtag\/tbd?src=hash\">#TBD<\/a><strong>\u00a0Ba\u015fkan\u0131 #\u0130lkerTabak konu\u015fuyor.\u00a0<\/strong><\/p>\n<p><a href=\"https:\/\/twitter.com\/kamubib\">@kamubib<\/a><strong>\u00a0\u00a0<\/strong><a href=\"https:\/\/twitter.com\/tbdbilisim\">@tbdbilisim<\/a><\/p>\n<p><strong>KAMU-B\u0130B Sosyal Medya Sayfalar\u0131 ve Hesaplar\u0131<\/strong><\/p>\n<p>FACEBOOK\u00a0 : <a href=\"http:\/\/facebook.com\/kamubib\">http:\/\/facebook.com\/kamubib<\/a><\/p>\n<p>TWITTER\u00a0\u00a0\u00a0\u00a0\u00a0\u00a0 : <a href=\"http:\/\/twitter.com\/kamubib\">http:\/\/twitter.com\/kamubib<\/a><\/p>\n<p><strong>TBD \u00dcyesi Olmak \u0130\u00e7in:<\/strong>\u00a0<a href=\"http:\/\/www.tbd.org.tr\">www.tbd.org.tr<\/a><\/p>\n<p>&nbsp;<\/p>\n<p>&nbsp;<\/p>\n","protected":false},"excerpt":{"rendered":"<p>TBD Kamu-B\u0130B KKTC Kat\u0131l\u0131mc\u0131lara Y\u00f6nelik B\u0130LG\u0130LEND\u0130RME De\u011ferli TBD Kamu-B\u0130B 17 Kat\u0131l\u0131mc\u0131s\u0131, TBD Kamu-B\u0130B Kamu Bili\u015fim Platformu-17, \u201c2023 ve \u00d6tesi: Kamu Hizmetlerinde Yenilik\u00e7i Yakla\u015f\u0131mlar\u201d temal\u0131 etkinli\u011fimizde\u00a015-18 Ekim\u2019de\u00a0 KKTC, Girne Acapulco Otel\u2019de sizlerle bir arada olaca\u011f\u0131z. Etkinlik boyunca \u201cSiber G\u00fcvenlik\u201d,\u201ce-Ticaret G\u00fcvenli\u011fi\u201d, \u201ce-Devlet Hizmetleri\u201d ile<\/p>\n","protected":false},"author":2,"featured_media":0,"parent":0,"menu_order":0,"comment_status":"closed","ping_status":"closed","template":"fullwidth.php","meta":{"footnotes":""},"_links":{"self":[{"href":"http:\/\/www.kamu-bib.org.tr\/kamubib-17\/wp-json\/wp\/v2\/pages\/1736"}],"collection":[{"href":"http:\/\/www.kamu-bib.org.tr\/kamubib-17\/wp-json\/wp\/v2\/pages"}],"about":[{"href":"http:\/\/www.kamu-bib.org.tr\/kamubib-17\/wp-json\/wp\/v2\/types\/page"}],"author":[{"embeddable":true,"href":"http:\/\/www.kamu-bib.org.tr\/kamubib-17\/wp-json\/wp\/v2\/users\/2"}],"replies":[{"embeddable":true,"href":"http:\/\/www.kamu-bib.org.tr\/kamubib-17\/wp-json\/wp\/v2\/comments?post=1736"}],"version-history":[{"count":8,"href":"http:\/\/www.kamu-bib.org.tr\/kamubib-17\/wp-json\/wp\/v2\/pages\/1736\/revisions"}],"predecessor-version":[{"id":1937,"href":"http:\/\/www.kamu-bib.org.tr\/kamubib-17\/wp-json\/wp\/v2\/pages\/1736\/revisions\/1937"}],"wp:attachment":[{"href":"http:\/\/www.kamu-bib.org.tr\/kamubib-17\/wp-json\/wp\/v2\/media?parent=1736"}],"curies":[{"name":"wp","href":"https:\/\/api.w.org\/{rel}","templated":true}]}}