{"id":2429,"date":"2016-05-09T17:32:46","date_gmt":"2016-05-09T14:32:46","guid":{"rendered":"http:\/\/www.kamu-bib.org.tr\/kamubib-18\/?page_id=2429"},"modified":"2016-05-26T17:12:54","modified_gmt":"2016-05-26T14:12:54","slug":"basin-bulteni","status":"publish","type":"page","link":"http:\/\/www.kamu-bib.org.tr\/kamubib-18\/basin-bulteni\/","title":{"rendered":"1. Bas\u0131n B\u00fclteni"},"content":{"rendered":"<h2 style=\"text-align: center;\"><strong>B\u0130L\u0130\u015e\u0130MDE B\u00dcY\u00dcK BULU\u015eMA <\/strong><\/h2>\n<h2 style=\"text-align: center;\"><strong>B\u0130L\u0130\u015e\u0130MDE KONU\u015eULMAYAN KONU KALMAYACAK<\/strong><\/h2>\n<h2 style=\"text-align: center;\"><strong>KAMU VER\u0130LER\u0130N\u0130N PAYLA\u015eIMI DE\u011eERLEND\u0130R\u0130LECEK<\/strong><\/h2>\n<h2><\/h2>\n<p>&nbsp;<\/p>\n<h3 style=\"text-align: center;\"><strong>TBD KAMU-B\u0130B\u201918, 2023 VE \u00d6TES\u0130 \u201cAKILLI \u00dcRET\u0130M, VER\u0130ML\u0130 DEVLET\u201d ANA TEMASIYLA KAMU VE \u00d6ZEL SEKT\u00d6R\u00dc 19-22 MAYIS\u2019TA ANTALYA\u2019DA BULU\u015eTURACAK<\/strong><\/h3>\n<p>&nbsp;<\/p>\n<p><strong>T\u00fcrkiye Bili\u015fim Derne\u011fi\u2019nin (TBD) <\/strong><strong>\u00a0d\u00fczenledi\u011fi ve T<\/strong><strong>\u00fcrkiye\u2019nin en k\u00f6kl\u00fc kamu bili\u015fim platformu olan <\/strong><strong>TBD Kamu-B\u0130B\u201918\u2019de <\/strong><strong>kamu verilerinin payla\u015f\u0131lmas\u0131ndan ak\u0131ll\u0131 \u015fehirlere, b\u00fcy\u00fck veri uygulamalar\u0131ndan siber g\u00fcvenli\u011fe kadar g\u00fcndemdeki bir\u00e7ok konu masaya yat\u0131r\u0131lacak. <\/strong><\/p>\n<p><strong>\u0130ki g\u00fcn s\u00fcrecek etkinlikte T<\/strong><strong>\u00fcrkiye\u2019nin bilgi toplumuna d\u00f6n\u00fc\u015f\u00fcm\u00fc konusunda \u00f6ne \u00e7\u0131kan ve katma de\u011feri y\u00fcksek kamu projeleri de ele al\u0131nacak. <\/strong><\/p>\n<p>T\u00fcrkiye Bili\u015fim Derne\u011fi (TBD) taraf\u0131ndan d\u00fczenlenen ve T\u00fcrkiye\u2019nin en k\u00f6kl\u00fc kamu bili\u015fim etkinli\u011fi olan \u201cTBD Kamu-B\u0130B, kamu \u00f6zel sekt\u00f6r bulu\u015fmas\u0131n\u0131n 18\u2019incisi 19-22 May\u0131s 2016 Xanadu Otel Antalya\u2019da yap\u0131lacak. 2023 ve \u00d6tesi \u201cAk\u0131ll\u0131 \u00dcretim, Verimli Devlet\u201d ana temal\u0131 TBD Kamu-B\u0130B\u201918\u2019de kamu verilerinin payla\u015f\u0131lmas\u0131ndan ak\u0131ll\u0131 \u015fehirlere, b\u00fcy\u00fck veri uygulamalar\u0131ndan siber g\u00fcvenli\u011fe kadar bir\u00e7ok g\u00fcncel konu uzman isimler taraf\u0131ndan her y\u00f6n\u00fcyle de\u011ferlendirilecek.<\/p>\n<p>Bilim, Sanayi ve Teknoloji Bakanl\u0131\u011f\u0131, Kalk\u0131nma Bakanl\u0131\u011f\u0131, Ula\u015ft\u0131rma, Denizcilik ve Haberle\u015fme Bakanl\u0131\u011f\u0131, Bilgi Teknolojileri ve \u0130leti\u015fim Kurumu (BTK) ve Dijital T\u00fcrkiye Platformu taraf\u0131ndan da desteklenen 18. TBD Kamu-B\u0130B\u2019de T\u00fcrkiye\u2019nin bilgi toplumuna d\u00f6n\u00fc\u015f\u00fcm\u00fc konusunda \u00f6ne \u00e7\u0131kan ve katma de\u011feri y\u00fcksek kamu projeleri de ele al\u0131nacak. Alan\u0131nda uzman bir\u00e7ok ismin g\u00f6r\u00fc\u015f ve tecr\u00fcbelerini payla\u015faca\u011f\u0131 iki g\u00fcn s\u00fcrecek etkinlik kapsam\u0131nda \u00e7a\u011fr\u0131l\u0131 konu\u015fmac\u0131lar\u0131n yan\u0131 s\u0131ra T\u00fcrkiye\u2019nin Say\u0131sal G\u00fcndemi ile ilgili davetli konu\u015fmac\u0131lar\u0131n kat\u0131laca\u011f\u0131 paneller d\u00fczenlenecek.<\/p>\n<p>2023 ve \u00d6tesi \u201cAk\u0131ll\u0131 \u00dcretim, Verimli Devlet\u201d ana temas\u0131 do\u011frultusunda TBD Kamu-B\u0130B b\u00fcnyesinde olu\u015fturulan 4 \u00e7al\u0131\u015fma grubu raporlar\u0131n\u0131 sunacak. TBD Kamu-B\u0130B\u201918\u2019de \u201cKamu Verisi Kullan\u0131larak Geli\u015ftirilen Ak\u0131ll\u0131 Uygulamalar\u201d, \u201cKamu Verisinin Payla\u015f\u0131lmas\u0131 Politika Ve Mevzuat\u0131\u201d, \u201cKamu BT Projelerinin Yaratt\u0131\u011f\u0131 Ekonomik De\u011fer\u201d, \u201cB\u00fcy\u00fck Veri Uygulamalar\u0131\u201d ile \u201cB\u00fcy\u00fck Veri ve Siber G\u00fcvenlik\u201d konular\u0131 b\u00fct\u00fcn y\u00f6nleriyle masaya yat\u0131r\u0131lacak.<\/p>\n<p><strong><br \/>\nKAMU VER\u0130S\u0130 AKILLI \u015eEH\u0130RLER \u0130\u00c7\u0130N KULLANILACAK<\/strong><\/p>\n<p>Geleneksel hale gelen TBD Kamu-B\u0130B\u201918 hakk\u0131nda bilgi veren TBD Ba\u015fkan\u0131 \u0130lker Tabak, T\u00fcrkiye\u2019nin bilgi toplumuna d\u00f6n\u00fc\u015f\u00fcm\u00fcne do\u011fru stratejik ad\u0131mlar\u0131n at\u0131ld\u0131\u011f\u0131 ve bu y\u0131l 18\u2019incisi ger\u00e7ekle\u015ftirilecek olan kamu ve \u00f6zel sekt\u00f6r bulu\u015fmas\u0131n\u0131 en verimli \u015fekilde tamamlamay\u0131 hedeflediklerini s\u00f6yledi.<\/p>\n<p>TBD Kamu-B\u0130B\u2019de Kalk\u0131nma Bakanl\u0131\u011f\u0131 taraf\u0131ndan haz\u0131rlanan Bilgi Toplumu Stratejisi ve Eylem Plan\u0131\u2019n\u0131n da detayl\u0131 olarak ele al\u0131naca\u011f\u0131 belirten \u0130lker Tabak, \u201cEylem Plan\u0131\u2019nda merkezi kurumlar ile yerel y\u00f6netimlerin \u00fcretti\u011fi kamu verisi kullan\u0131larak ak\u0131ll\u0131 uygulamalar\u0131n geli\u015ftirilmesi i\u00e7in destek sa\u011flanaca\u011f\u0131 belirtiliyor. B\u00f6ylece kamu kurumlar\u0131 taraf\u0131ndan hayata ge\u00e7irilen bir\u00e7ok proje sonucu \u00fcretilen kamu verisinin, \u00f6zel sekt\u00f6r ve \u00fcniversiteler arac\u0131l\u0131\u011f\u0131 ile kullan\u0131larak katma de\u011feri y\u00fcksek uygulamalar\u0131n vatanda\u015flar\u0131n kullan\u0131m\u0131na sunulmas\u0131 ama\u00e7lan\u0131yor. Kamu verisi kullan\u0131larak sa\u011fl\u0131k, ula\u015ft\u0131rma, bina, enerji, afet ve su y\u00f6netimi gibi alanlarda \u00f6zel sekt\u00f6r ve \u00fcniversiteler taraf\u0131ndan geli\u015ftirilecek projeler Kalk\u0131nma Ajanslar\u0131n\u0131n belirledi\u011fi \u00f6ncelikler do\u011frultusunda desteklenecek. B\u00f6ylece, \u00f6zel sekt\u00f6r ve \u00fcniversite yarat\u0131c\u0131l\u0131\u011f\u0131 ile kamu verisinin bir araya getirilerek katma de\u011ferli yenilik\u00e7i \u00e7\u00f6z\u00fcmlerin ortaya konulmas\u0131 hedefleniyor. B\u00f6ylece g\u00fcn\u00fcm\u00fcz \u015fehirlerinin ya\u015fad\u0131\u011f\u0131 bir\u00e7ok sorunu teknolojik yakla\u015f\u0131mlarla \u00e7\u00f6zmeyi hedefleyen \u201cAk\u0131ll\u0131 \u015eehir\u201d uygulamalar\u0131 da ortaya \u00e7\u0131kabilecek. \u00d6rne\u011fin trafik sorununun \u00e7\u00f6z\u00fcm\u00fc amac\u0131yla bir \u015fehirdeki t\u00fcm yollar anl\u0131k olarak trafik, kaza ve iklim ko\u015fullar\u0131 a\u00e7\u0131s\u0131ndan izlenebilecek ve analiz edilebilecek. B\u00f6ylece s\u00fcr\u00fcc\u00fcler daha uygun durumdaki yollara h\u0131zla y\u00f6nlendirilecek. Benzer \u015fekilde \u015fehirdeki t\u00fcm park yerlerinin uygunluk durumlar\u0131 da s\u00fcr\u00fcc\u00fclere g\u00f6sterilebilecek b\u00f6ylece bir s\u00fcr\u00fcc\u00fc kendisine en yak\u0131n park yerini h\u0131zl\u0131 bir \u015fekilde \u00f6\u011frenecek.\u201d diye konu\u015ftu.<\/p>\n<p>Bu kapsamda TBD Kamu B\u0130B\u201918 \u201cKamu Verisi Kullan\u0131larak Geli\u015ftirilen Ak\u0131ll\u0131 Uygulamalar\u201d panelinde belediyelerin ak\u0131ll\u0131 uygulamalar kapsam\u0131nda ger\u00e7ekle\u015ftirdikleri proje ve \u00e7al\u0131\u015fmalar\u0131 ile kalk\u0131nma ajanslar\u0131n\u0131n te\u015fvikleri konular\u0131nda bilgi payla\u015f\u0131mlar\u0131 yap\u0131lacak. \u00d6zel sekt\u00f6r kat\u0131l\u0131mc\u0131lar\u0131 ise ulusal ve uluslararas\u0131 boyutta ger\u00e7ekle\u015ftirilen projeler konusunda bilgi verecek.<\/p>\n<p><strong><br \/>\nT\u00dcRK\u0130YE\u2019N\u0130N S\u0130BER SALDIRILARLA \u0130MT\u0130HANI<\/strong><\/p>\n<p>\u00d6zellikle T\u00fcrkiye ile Rusya aras\u0131nda ya\u015fanan u\u00e7ak krizi s\u0131ras\u0131nda tekrar g\u00fcndeme gelen siber g\u00fcvenlik konusu da TBD Kamu B\u0130B\u201918\u2019in ana konular\u0131ndan biri olacak. U\u00e7ak krizini takip eden g\u00fcnlerde T\u00fcrkiye\u2019deki bir\u00e7ok banka ve kamu kurumunun sitelerine siber sald\u0131r\u0131lar d\u00fczenlenmi\u015f, sitelere ula\u015f\u0131m belli bir s\u00fcre i\u00e7in yava\u015flam\u0131\u015ft\u0131. Siber g\u00fcvenli\u011fin bireysel, kurumsal ve toplumsal olarak her alanda hayat\u0131m\u0131z\u0131 etkileyen yatay bile\u015fen oldu\u011funun vurgulanaca\u011f\u0131\u00a0 <strong><em>\u201cB\u00fcy\u00fck Veri ve Siber G\u00fcvenlik\u201d<\/em> <\/strong>panelinde b\u00fcy\u00fck verinin \u00fcretimesi, payla\u015f\u0131lmas\u0131 ve saklanmas\u0131 a\u015famalar\u0131nda g\u00fcvenli\u011finin sa\u011flanmas\u0131n\u0131n \u00f6nemi ve al\u0131nabilecek \u00f6nlemler tart\u0131\u015f\u0131lacak.<\/p>\n<p>Siber g\u00fcvenli\u011fin \u00fclke genelinde s\u00fcrd\u00fcr\u00fclebilirli\u011fi i\u00e7in, ulusal seviyede siber g\u00fcvenlik ekosisteminin nas\u0131l olu\u015fturulaca\u011f\u0131 ve siber g\u00fcvenlik fark\u0131ndal\u0131\u011f\u0131n\u0131n yarat\u0131lmas\u0131n\u0131n \u00f6nemi dile getirilecek.<\/p>\n<p><strong><br \/>\nB\u00dcY\u00dcK VER\u0130, B\u00dcY\u00dcK FIRSATLARI DA BERABER\u0130NDE GET\u0130RECEK<\/strong><\/p>\n<p>18. TBD Kamu B\u0130B\u2019de son d\u00f6nemin en g\u00f6zde bili\u015fim teknolojisi konular\u0131ndan biri olan \u201cB\u00fcy\u00fck Veri Uygulamalar\u0131\u201d da ele al\u0131nacak. Yeni bir ekonomiyi beraberinde getiren \u201cB\u00fcy\u00fck Veri\u201d d\u00fcnya \u00e7ap\u0131nda \u015fimdiden y\u0131ll\u0131k 50 milyar dolar\u0131n \u00fczerinde de\u011fere sahip bir sekt\u00f6re d\u00f6n\u00fc\u015fm\u00fc\u015f durumda ve \u00f6n\u00fcm\u00fczdeki y\u0131llarda da h\u0131zla b\u00fcy\u00fcmesi bekleniyor.<\/p>\n<p>\u0130nternete ba\u011fl\u0131 olarak \u00e7al\u0131\u015fan milyarlarca cihaz\u0131n her an her saniye kaydetti\u011fi devasa miktarda veriyi ifade eden \u201cB\u00fcy\u00fck Veri\u201d kavram\u0131 kamu \u00f6zelinde farkl\u0131 bir \u00f6nem ta\u015f\u0131yor. \u00d6zellikle kamu b\u00fcy\u00fck verisinin i\u015flenmesi ve kullan\u0131ma haz\u0131r hale getirilmesi ile hayat\u0131n her alan\u0131nda i\u015fe yarayacak uygulamalar geli\u015ftirilebiliyor.<\/p>\n<p>Kamuda \u201cB\u00fcy\u00fck Veri\u201dnin kullan\u0131m\u0131 ile sosyal g\u00fcvenlik, sa\u011fl\u0131k, vergi, g\u00fcvenlik gibi alanlarda yenilik\u00e7i bir\u00e7ok uygulaman\u0131n geli\u015ftirilmesi m\u00fcmk\u00fcn olacak. \u00d6rne\u011fin sa\u011fl\u0131k alan\u0131nda \u00f6nleyici t\u0131p uygulamalar\u0131 geli\u015ftirilebilecek. S\u00fcrekli olarak her b\u00f6lgeden al\u0131nacak olan hastal\u0131k verileri anl\u0131k olarak kar\u015f\u0131la\u015ft\u0131r\u0131larak herhangi bir salg\u0131n\u0131 daha ortaya \u00e7\u0131kmadan tespit edip engellemeye yarayacak bir uygulaman\u0131n geli\u015ftirilmesi m\u00fcmk\u00fcn olacak.<\/p>\n<p>TBD Kamu B\u0130B\u201918 kapsam\u0131nda d\u00fczenlenecek panelde verinin ekonomik de\u011fere d\u00f6n\u00fc\u015fmesinin \u00fclke ekonomisi a\u00e7\u0131s\u0131ndan \u00f6nemi de ele al\u0131nacak. Panelde \u00f6zellikle \u00f6zel sekt\u00f6rden ulusal ve uluslararas\u0131 ba\u015far\u0131l\u0131 uygulamalar\u0131n kamu ile payla\u015f\u0131m\u0131 ve fark\u0131ndal\u0131k yarat\u0131lmas\u0131 ama\u00e7lan\u0131yor.<\/p>\n<p><strong><br \/>\nVER\u0130LER\u0130N PAYLA\u015eILMASI \u0130\u00c7\u0130N YASAL D\u00dcZENLENME \u015eART <\/strong><\/p>\n<p>TBD Ba\u015fkan\u0131 \u0130lker Tabak, kamu verilerinin ekonomiye de\u011fer katacak \u015fekilde payla\u015f\u0131m\u0131n\u0131n \u00f6nemine dikkat \u00e7ekerek, \u00a0\u00f6n\u00fcm\u00fczdeki d\u00f6nemde bu konuyla ilgili yasal d\u00fczenlenmelerin yap\u0131lmas\u0131 gerekti\u011fine dikkat \u00e7ekti. Bu konunun da TBD Kamu B\u0130B\u201918\u2019de ayr\u0131nt\u0131l\u0131 olarak ele al\u0131naca\u011f\u0131n\u0131 vurgulayan \u0130lker Tabak, \u015funlar\u0131 s\u00f6yledi:<\/p>\n<p>\u201cVerilerin payla\u015f\u0131m\u0131 ve yeniden kullan\u0131m\u0131na ili\u015fkin politikalar geli\u015ftirilmesi; buna dayal\u0131 olarak kamu verisinin \u00fc\u00e7\u00fcnc\u00fc taraflarca yeni katma de\u011ferli \u00fcr\u00fcn ve hizmetler i\u00e7in yeniden kullan\u0131lmas\u0131na ili\u015fkin yasal ve idari d\u00fczenlemeler bir an \u00f6nce yap\u0131lmal\u0131d\u0131r. Ayr\u0131ca Bilgi Toplumu Stratejisi ve Eylem Plan\u0131\u2019nda yer ald\u0131\u011f\u0131 gibi bu konuyla ilgili gerekli teknik altyap\u0131 olu\u015fturulmal\u0131d\u0131r. TBD Kamu-B\u0130B\u2019de bu ba\u011flamda panel kat\u0131l\u0131mc\u0131lar\u0131ndan da \u201cKamu Verisinin Payla\u015f\u0131lmas\u0131\u201d konusunda sorumlu kurulu\u015f olan Ba\u015fbakanl\u0131\u011fa sunulmak \u00fczere uygulama ad\u0131mlar\u0131na y\u00f6n verici g\u00f6r\u00fc\u015fleri talep edece\u011fiz.\u201d<\/p>\n<p>Etkinlik detaylar\u0131na <a href=\"http:\/\/www.kamu-bib.org.tr\/kamubib-18\">www.kamu-bib.org.tr<\/a> adresinden ula\u015fabilirsiniz.<\/p>\n<!-- AddThis Advanced Settings generic via filter on the_content --><!-- AddThis Share Buttons generic via filter on the_content -->","protected":false},"excerpt":{"rendered":"<p>B\u0130L\u0130\u015e\u0130MDE B\u00dcY\u00dcK BULU\u015eMA B\u0130L\u0130\u015e\u0130MDE KONU\u015eULMAYAN KONU KALMAYACAK KAMU VER\u0130LER\u0130N\u0130N PAYLA\u015eIMI DE\u011eERLEND\u0130R\u0130LECEK &nbsp; TBD KAMU-B\u0130B\u201918, 2023 VE \u00d6TES\u0130 \u201cAKILLI \u00dcRET\u0130M, VER\u0130ML\u0130 DEVLET\u201d ANA TEMASIYLA KAMU VE \u00d6ZEL SEKT\u00d6R\u00dc 19-22 MAYIS\u2019TA ANTALYA\u2019DA BULU\u015eTURACAK &nbsp; T\u00fcrkiye Bili\u015fim Derne\u011fi\u2019nin (TBD) \u00a0d\u00fczenledi\u011fi ve T\u00fcrkiye\u2019nin en k\u00f6kl\u00fc kamu<!-- AddThis Advanced Settings generic via filter on get_the_excerpt --><!-- AddThis Share Buttons generic via filter on get_the_excerpt --><\/p>\n","protected":false},"author":4,"featured_media":0,"parent":0,"menu_order":0,"comment_status":"closed","ping_status":"closed","template":"fullwidth.php","meta":{"footnotes":""},"class_list":["post-2429","page","type-page","status-publish","hentry"],"_links":{"self":[{"href":"http:\/\/www.kamu-bib.org.tr\/kamubib-18\/wp-json\/wp\/v2\/pages\/2429","targetHints":{"allow":["GET"]}}],"collection":[{"href":"http:\/\/www.kamu-bib.org.tr\/kamubib-18\/wp-json\/wp\/v2\/pages"}],"about":[{"href":"http:\/\/www.kamu-bib.org.tr\/kamubib-18\/wp-json\/wp\/v2\/types\/page"}],"author":[{"embeddable":true,"href":"http:\/\/www.kamu-bib.org.tr\/kamubib-18\/wp-json\/wp\/v2\/users\/4"}],"replies":[{"embeddable":true,"href":"http:\/\/www.kamu-bib.org.tr\/kamubib-18\/wp-json\/wp\/v2\/comments?post=2429"}],"version-history":[{"count":11,"href":"http:\/\/www.kamu-bib.org.tr\/kamubib-18\/wp-json\/wp\/v2\/pages\/2429\/revisions"}],"predecessor-version":[{"id":2577,"href":"http:\/\/www.kamu-bib.org.tr\/kamubib-18\/wp-json\/wp\/v2\/pages\/2429\/revisions\/2577"}],"wp:attachment":[{"href":"http:\/\/www.kamu-bib.org.tr\/kamubib-18\/wp-json\/wp\/v2\/media?parent=2429"}],"curies":[{"name":"wp","href":"https:\/\/api.w.org\/{rel}","templated":true}]}}