{"id":809,"date":"2015-07-27T12:58:56","date_gmt":"2015-07-27T09:58:56","guid":{"rendered":"http:\/\/www.kamu-bib.org.tr\/kamubib-18\/?page_id=809"},"modified":"2016-05-26T16:51:36","modified_gmt":"2016-05-26T13:51:36","slug":"kurullar","status":"publish","type":"page","link":"http:\/\/www.kamu-bib.org.tr\/kamubib-18\/kurullar\/","title":{"rendered":"KURULLAR"},"content":{"rendered":"<div class=\"wpb-content-wrapper\"><p>[vc_row][vc_column][vc_column_text]<strong>TBD Y\u00f6netim Kurulu<\/strong><\/p>\n<ul>\n<li>\u0130. \u0130lker Tabak (Ba\u015fkan)<\/li>\n<li>Koray \u00d6zer (2. Ba\u015fkan)<\/li>\n<li>Vural R\u0131za \u0130bri\u015fim (Sayman)<\/li>\n<li>Ahmet Pekel<\/li>\n<li>Erhan Yal\u00e7\u0131n<\/li>\n<li>Ersin Ta\u015f\u00e7\u0131<\/li>\n<li>Ertan Barut<\/li>\n<li>Levent Karada\u011f<\/li>\n<li>Nihan Tuna<\/li>\n<li>Salih \u00d6z\u00e7if\u00e7i<\/li>\n<li>\u00dcveyiz \u00dcnal Zaim<\/li>\n<\/ul>\n<p>&nbsp;<\/p>\n<p><strong>Kamu-B\u0130B Y\u00fcr\u00fctme Kurulu\u00a0\u00a0\u00a0 <\/strong><\/p>\n<table style=\"height: 262px;\" border=\"0\" width=\"750\" cellspacing=\"1\" cellpadding=\"1\">\n<tbody>\n<tr>\n<td width=\"289\">Semih I\u015f\u0131ksal (Ba\u015fkan)<\/td>\n<td width=\"454\">T\u00fcrkiye \u0130statistik Kurumu<\/td>\n<\/tr>\n<tr>\n<td>Mariye Umay Akkaya (Ba\u015fkan Yrd)<\/td>\n<td>T\u00fcrk Standardlar\u0131 Enstit\u00fcs\u00fc<\/td>\n<\/tr>\n<tr>\n<td>Ercan Kaptano\u011flu (Ba\u015fkan Yrd)<\/td>\n<td>T.C. Orman ve Su \u0130\u015fleri Bakanl\u0131\u011f\u0131<\/td>\n<\/tr>\n<tr>\n<td>Erkan U\u00e7aner<\/td>\n<td>Alt\u0131nda\u011f Belediyesi<\/td>\n<\/tr>\n<tr>\n<td>Furkan Civelek<\/td>\n<td>T.C. Kalk\u0131nma Bakanl\u0131\u011f\u0131<\/td>\n<\/tr>\n<tr>\n<td>Mesut K\u00fc\u00e7\u00fckiba<\/td>\n<td>T\u00fcrkiye Cumhuriyeti Devlet Demiryollar\u0131<\/td>\n<\/tr>\n<tr>\n<td>Mustafa Y\u0131lmaz<\/td>\n<td>T.C. Avrupa Birli\u011fi Bakanl\u0131\u011f\u0131<\/td>\n<\/tr>\n<tr>\n<td>Rag\u0131p G\u00fclp\u0131nar<\/td>\n<td>Toplu Konut \u0130daresi Ba\u015fkanl\u0131\u011f\u0131<\/td>\n<\/tr>\n<tr>\n<td>Sadettin Kaya<\/td>\n<td>Ba\u015fbakanl\u0131k<\/td>\n<\/tr>\n<\/tbody>\n<\/table>\n<p>&nbsp;<\/p>\n<p><strong>Kamu-B\u0130B Y\u00fcr\u00fctme Kurulu Dan\u0131\u015fmanlar\u0131\u00a0\u00a0\u00a0\u00a0\u00a0\u00a0 \u00a0\u00a0<\/strong><\/p>\n<table border=\"0\" width=\"750\" cellspacing=\"1\" cellpadding=\"1\">\n<tbody>\n<tr>\n<td width=\"289\">Dr. Halil Ye\u015fil\u00e7imen<\/td>\n<td width=\"454\">T\u00fcrksat<\/td>\n<\/tr>\n<tr>\n<td>Harun Demir<\/td>\n<td>T.C. Sanayi ve Teknoloji Bakanl\u0131\u011f\u0131<\/td>\n<\/tr>\n<tr>\n<td>Dr. Kemal Karako\u00e7ak<\/td>\n<td>Ankara \u00dcniversitesi Siyasal Bilgiler Fak\u00fcltesi<\/td>\n<\/tr>\n<tr>\n<td>Aykut Dalyan<\/td>\n<td>Turkcell<\/td>\n<\/tr>\n<tr>\n<td>Kenan Alt\u0131nsaat<\/td>\n<td>JForce Bili\u015fim Teknolojileri<\/td>\n<\/tr>\n<tr>\n<td>Selim \u00d6zdemir<\/td>\n<td>Gartner<\/td>\n<\/tr>\n<tr>\n<td>Ogan \u00d6zdo\u011fan<\/td>\n<td>SAP<\/td>\n<\/tr>\n<\/tbody>\n<\/table>\n<p>&nbsp;<\/p>\n<p><strong>TBD Ankara \u015eubesi Ba\u015fkan\u0131\u00a0\u00a0\u00a0\u00a0\u00a0\u00a0\u00a0 <\/strong><\/p>\n<table border=\"0\" width=\"750\" cellspacing=\"1\" cellpadding=\"1\">\n<tbody>\n<tr>\n<td width=\"289\">Sel\u00e7uk Kavaso\u011flu<\/td>\n<td width=\"454\">T.C. Kalk\u0131nma Bakanl\u0131\u011f\u0131<\/td>\n<\/tr>\n<\/tbody>\n<\/table>\n<p>&nbsp;<\/p>\n<p><strong>TBD SG2020 YK Temsilcisi\u00a0\u00a0\u00a0\u00a0\u00a0\u00a0\u00a0\u00a0\u00a0\u00a0\u00a0\u00a0\u00a0\u00a0\u00a0\u00a0\u00a0\u00a0\u00a0\u00a0\u00a0\u00a0\u00a0\u00a0\u00a0\u00a0 <\/strong><\/p>\n<table border=\"0\" width=\"750\" cellspacing=\"1\" cellpadding=\"1\">\n<tbody>\n<tr>\n<td width=\"289\">Ersin Ta\u015f\u00e7\u0131<\/td>\n<td width=\"454\">T\u00fcrkiye Cumhuriyeti Devlet Demiryollar\u0131<\/td>\n<\/tr>\n<\/tbody>\n<\/table>\n<p>&nbsp;<\/p>\n<p><strong>TBD Kamu-B\u0130B\u00a0 YK Temsilcisi \u00a0\u00a0\u00a0 <\/strong><\/p>\n<table border=\"0\" width=\"750\" cellspacing=\"1\" cellpadding=\"1\">\n<tbody>\n<tr>\n<td width=\"289\">Ahmet Pekel<\/td>\n<td width=\"454\">\u00a0T\u00fcrkiye Cumhuriyet Merkez Bankas\u0131<\/td>\n<\/tr>\n<\/tbody>\n<\/table>\n<p>&nbsp;<\/p>\n<p><strong>TBD Kamu-B\u0130B Kamu Bili\u015fim Platformu 18 Etkinlik Y\u00fcr\u00fctme Kurulu<\/strong><\/p>\n<ul>\n<li>Ahmet Pekel (EYK Ba\u015fkan\u0131)<\/li>\n<li>Erdal Naneci<\/li>\n<li>Ersin Ta\u015f\u00e7\u0131<\/li>\n<li>Ertan Barut<\/li>\n<li>L\u00fctfi \u00d6zbilen<\/li>\n<li>Kemal Karako\u00e7ak<\/li>\n<li>Mehmet Y\u0131lmazer<\/li>\n<li>Nihan Tuna<\/li>\n<li>Nurcan \u00d6zyaz\u0131c\u0131<\/li>\n<li>Sel\u00e7uk Kavaso\u011flu<\/li>\n<li>\u00dcveyiz \u00dcnal Zaim<\/li>\n<li>Vural \u0130bri\u015fim<\/li>\n<\/ul>\n<p>[\/vc_column_text][\/vc_column][\/vc_row]<\/p>\n<\/div><!-- AddThis Advanced Settings generic via filter on the_content --><!-- AddThis Share Buttons generic via filter on the_content -->","protected":false},"excerpt":{"rendered":"<p>[vc_row][vc_column][vc_column_text]TBD Y\u00f6netim Kurulu \u0130. \u0130lker Tabak (Ba\u015fkan) Koray \u00d6zer (2. Ba\u015fkan) Vural R\u0131za \u0130bri\u015fim (Sayman) Ahmet Pekel Erhan Yal\u00e7\u0131n Ersin Ta\u015f\u00e7\u0131 Ertan Barut Levent Karada\u011f Nihan Tuna Salih \u00d6z\u00e7if\u00e7i \u00dcveyiz \u00dcnal Zaim &nbsp; Kamu-B\u0130B Y\u00fcr\u00fctme Kurulu\u00a0\u00a0\u00a0 Semih I\u015f\u0131ksal (Ba\u015fkan) T\u00fcrkiye \u0130statistik Kurumu<!-- AddThis Advanced Settings generic via filter on get_the_excerpt --><!-- AddThis Share Buttons generic via filter on get_the_excerpt --><\/p>\n","protected":false},"author":1,"featured_media":0,"parent":0,"menu_order":0,"comment_status":"closed","ping_status":"closed","template":"fullwidth.php","meta":{"footnotes":""},"class_list":["post-809","page","type-page","status-publish","hentry"],"_links":{"self":[{"href":"http:\/\/www.kamu-bib.org.tr\/kamubib-18\/wp-json\/wp\/v2\/pages\/809","targetHints":{"allow":["GET"]}}],"collection":[{"href":"http:\/\/www.kamu-bib.org.tr\/kamubib-18\/wp-json\/wp\/v2\/pages"}],"about":[{"href":"http:\/\/www.kamu-bib.org.tr\/kamubib-18\/wp-json\/wp\/v2\/types\/page"}],"author":[{"embeddable":true,"href":"http:\/\/www.kamu-bib.org.tr\/kamubib-18\/wp-json\/wp\/v2\/users\/1"}],"replies":[{"embeddable":true,"href":"http:\/\/www.kamu-bib.org.tr\/kamubib-18\/wp-json\/wp\/v2\/comments?post=809"}],"version-history":[{"count":27,"href":"http:\/\/www.kamu-bib.org.tr\/kamubib-18\/wp-json\/wp\/v2\/pages\/809\/revisions"}],"predecessor-version":[{"id":2570,"href":"http:\/\/www.kamu-bib.org.tr\/kamubib-18\/wp-json\/wp\/v2\/pages\/809\/revisions\/2570"}],"wp:attachment":[{"href":"http:\/\/www.kamu-bib.org.tr\/kamubib-18\/wp-json\/wp\/v2\/media?parent=809"}],"curies":[{"name":"wp","href":"https:\/\/api.w.org\/{rel}","templated":true}]}}