{"id":33,"date":"2017-09-25T11:09:44","date_gmt":"2017-09-25T08:09:44","guid":{"rendered":"http:\/\/www.kamu-bib.org.tr\/kamubib-19\/?page_id=33"},"modified":"2017-09-25T11:44:41","modified_gmt":"2017-09-25T08:44:41","slug":"kamu-bib-hakkinda","status":"publish","type":"page","link":"http:\/\/www.kamu-bib.org.tr\/kamubib-19\/kamu-bib-hakkinda","title":{"rendered":"KAMU-B\u0130B HAKKINDA"},"content":{"rendered":"<div class=\"wpb-content-wrapper\"><p>[vc_row full_width=&#8221;stretch_row&#8221; css=&#8221;.vc_custom_1506328919587{background-image: url(http:\/\/www.kamu-bib.org.tr\/kamubib-19\/wp-content\/uploads\/2017\/09\/slider-background-kamu-bib-19.jpg?id=7) !important;background-position: center !important;background-repeat: no-repeat !important;background-size: cover !important;}&#8221;][vc_column][rev_slider_vc alias=&#8221;anasayfa&#8221;][\/vc_column][\/vc_row][vc_row][vc_column]<div class=\"themeum-title  \" style=\"text-align:center;\"><h3 class=\"style-title\" style=\"font-weight:700;font-size:28px;line-height: normal;color:#0a0a0a;\">Kamu-B\u0130B Tarih\u00e7esi ve Ama\u00e7lar\u0131<\/h3><\/div>[vc_column_text]1995 y\u0131l\u0131nda bili\u015fim politikalar\u0131n\u0131n olu\u015fmas\u0131na ve toplumun e-d\u00f6n\u00fc\u015f\u00fcm\u2019\u00fcne katk\u0131 sa\u011flamak amac\u0131yla kurulmu\u015ftur.<\/p>\n<p>Temel amac\u0131 \u00e7\u00f6z\u00fcm \u00fcretmek ve yol g\u00f6stermek suretiyle Kamunun bili\u015fim alan\u0131ndaki etkinli\u011finin ve fark\u0131ndal\u0131\u011f\u0131n\u0131n art\u0131r\u0131lmas\u0131d\u0131r.<\/p>\n<p>G\u00f6n\u00fcll\u00fc uzman ordusuyla, d\u00f6nemsel olarak belirlenen konularda raporlar haz\u0131rlamakta, kamuoyu ile payla\u015fmaktad\u0131r.<\/p>\n<p>Yapt\u0131\u011f\u0131 \u00e7al\u0131\u015fmalarla bir \u201c<strong>Kamu<\/strong> <strong>Bili\u015fim<\/strong> <strong>Markas\u0131<\/strong>&#8221; olan TBD Kamu-B\u0130B, 1999 y\u0131l\u0131ndan bu g\u00fcne ger\u00e7ekle\u015ftirdi\u011fi etkinliklerle KAMU, \u00dcN\u0130VERS\u0130TE ve \u00d6ZEL SEKT\u00d6R B\u0130L\u0130\u015e\u0130M Y\u00d6NET\u0130C\u0130LER\u0130N\u0130N, kamuda politika belirleyici ve karar al\u0131c\u0131lar\u0131n ortak bulu\u015fma noktas\u0131 olmu\u015ftur.<\/p>\n<p><strong>\u00a0<\/strong><strong>Amac\u0131<\/strong><strong> :<\/strong> \u00dclkemizin bili\u015fim toplumuna ge\u00e7i\u015f \u00e7al\u0131\u015fmalar\u0131nda;<\/p>\n<ul>\n<li>Kamu Bilgi \u0130\u015flem Birimleri ve sekt\u00f6rel kat\u0131l\u0131m ile bili\u015fim teknolojilerinin etkili ve yayg\u0131n kullan\u0131m\u0131,<\/li>\n<li>Kamu kurumlar\u0131n\u0131n hizmetlerini etkin ve verimli sunabilmesi i\u00e7in ulusal bili\u015fim politikalar\u0131n\u0131n olu\u015fturulmas\u0131na katk\u0131 sa\u011flanmas\u0131,<\/li>\n<li>Bilgi \u0130\u015flem Birimleri aras\u0131nda bilgi payla\u015f\u0131m\u0131n\u0131n art\u0131r\u0131lmas\u0131,<\/li>\n<li>Mesleki dayan\u0131\u015fman\u0131n geli\u015ftirilmesi,<\/li>\n<li>Sorunlara ortak \u00e7\u00f6z\u00fcmler olu\u015fturulmas\u0131<\/li>\n<\/ul>\n<p>konular\u0131nda fark\u0131ndal\u0131k yaratmak ve sinerji olu\u015fturmakt\u0131r.<\/p>\n<p><strong>TBD Kamu Bili\u015fim Merkezleri Y\u00f6neticileri Birli\u011fi (Kamu-B\u0130B) Kamu Bili\u015fim Platformu<\/strong> bug\u00fcne kadar 18 kez ger\u00e7ekle\u015ftirilmi\u015ftir.[\/vc_column_text][\/vc_column][\/vc_row]<\/p>\n<\/div>","protected":false},"excerpt":{"rendered":"<p>[vc_row full_width=&#8221;stretch_row&#8221; css=&#8221;.vc_custom_1506328919587{background-image: url(http:\/\/www.kamu-bib.org.tr\/kamubib-19\/wp-content\/uploads\/2017\/09\/slider-background-kamu-bib-19.jpg?id=7) !important;background-position: center !important;background-repeat: no-repeat !important;background-size: cover !important;}&#8221;][vc_column][rev_slider_vc alias=&#8221;anasayfa&#8221;][\/vc_column][\/vc_row][vc_row][vc_column][vc_column_text]1995 y\u0131l\u0131nda bili\u015fim politikalar\u0131n\u0131n olu\u015fmas\u0131na ve toplumun e-d\u00f6n\u00fc\u015f\u00fcm\u2019\u00fcne katk\u0131 sa\u011flamak amac\u0131yla kurulmu\u015ftur. Temel amac\u0131 \u00e7\u00f6z\u00fcm \u00fcretmek ve yol g\u00f6stermek suretiyle Kamunun bili\u015fim alan\u0131ndaki etkinli\u011finin ve fark\u0131ndal\u0131\u011f\u0131n\u0131n art\u0131r\u0131lmas\u0131d\u0131r. G\u00f6n\u00fcll\u00fc uzman ordusuyla, d\u00f6nemsel olarak belirlenen konularda raporlar haz\u0131rlamakta, kamuoyu ile payla\u015fmaktad\u0131r. Yapt\u0131\u011f\u0131 \u00e7al\u0131\u015fmalarla bir \u201cKamu Bili\u015fim&nbsp;<\/p>\n<p><a class=\"btn btn-style\" href=\"http:\/\/www.kamu-bib.org.tr\/kamubib-19\/kamu-bib-hakkinda\">Continue Reading<\/a><\/p>\n","protected":false},"author":3,"featured_media":0,"parent":0,"menu_order":0,"comment_status":"closed","ping_status":"closed","template":"homepage.php","meta":{"footnotes":""},"class_list":["post-33","page","type-page","status-publish","hentry"],"_links":{"self":[{"href":"http:\/\/www.kamu-bib.org.tr\/kamubib-19\/wp-json\/wp\/v2\/pages\/33","targetHints":{"allow":["GET"]}}],"collection":[{"href":"http:\/\/www.kamu-bib.org.tr\/kamubib-19\/wp-json\/wp\/v2\/pages"}],"about":[{"href":"http:\/\/www.kamu-bib.org.tr\/kamubib-19\/wp-json\/wp\/v2\/types\/page"}],"author":[{"embeddable":true,"href":"http:\/\/www.kamu-bib.org.tr\/kamubib-19\/wp-json\/wp\/v2\/users\/3"}],"replies":[{"embeddable":true,"href":"http:\/\/www.kamu-bib.org.tr\/kamubib-19\/wp-json\/wp\/v2\/comments?post=33"}],"version-history":[{"count":15,"href":"http:\/\/www.kamu-bib.org.tr\/kamubib-19\/wp-json\/wp\/v2\/pages\/33\/revisions"}],"predecessor-version":[{"id":35,"href":"http:\/\/www.kamu-bib.org.tr\/kamubib-19\/wp-json\/wp\/v2\/pages\/33\/revisions\/35"}],"wp:attachment":[{"href":"http:\/\/www.kamu-bib.org.tr\/kamubib-19\/wp-json\/wp\/v2\/media?parent=33"}],"curies":[{"name":"wp","href":"https:\/\/api.w.org\/{rel}","templated":true}]}}